{"id":331,"date":"2019-06-12T16:04:59","date_gmt":"2019-06-12T14:04:59","guid":{"rendered":"http:\/\/interway.sys1v3.instore-solution.fr\/?page_id=331"},"modified":"2020-03-09T15:46:54","modified_gmt":"2020-03-09T13:46:54","slug":"actualites","status":"publish","type":"page","link":"https:\/\/www.interway.fr\/en\/actualites\/","title":{"rendered":"News"},"content":{"rendered":"<h1>Actualit\u00e9s<\/h1>\n<hr>\n<div>\n<!-- psc_print_post_grid_func -->            \n       <div class=\"max-width\" id=\"max_2\">\n        <style>\n        .psc_grid69f2505373017 .list-groupupdate-item-heading{color:#444444 } \n        .psc_grid69f2505373017 .list-groupupdate-item-heading a{color:#444444;border:none;box-shadow:none } \n        .psc_grid69f2505373017 .list-groupupdate-item-heading:hover{color:#444444 } \n        .psc_grid69f2505373017 .list-groupupdate-item-heading a:hover{color:#444444; border:none;box-shadow:none } \n        .psc_grid69f2505373017 .pmeta{color:#999999}\n        .psc_grid69f2505373017 .pmeta li span{color:#999999}\n        .psc_grid69f2505373017 .pmetaicon{color:#999999}\n        .psc_grid69f2505373017 .list-groupupdate-item-text{color:#777777}\n        .psc_grid69f2505373017 .rmore{color:#aaaaaa;border:none;box-shadow:none !important  }\n        .psc_grid69f2505373017 .rmore:hover{color:#777777;border:none;box-shadow:none !important }\n        .psc_grid69f2505373017 .i13_social_icon_style_ {background-color: #0088cc;}\n       <\/style>\n\t<div id=\"psc_grid69f2505373017_overlay_grid\" class=\"overlay_grid\" style=\"background: #fff url('https:\/\/www.interway.fr\/wp-content\/plugins\/post-slider-carousel\/images\/bx_loader.gif') no-repeat scroll 50% 50%;\" ><\/div>\n\t<div id=\"container2\">\n\t  \n\n                     \n                              <div class=\"item___ psc_grid69f2505373017\">\n                                  <img loading=\"lazy\" decoding=\"async\" class=\"group list-group-image\" src=\"https:\/\/www.interway.fr\/wp-content\/uploads\/psc_post_slider_carousel\/1093933_Vignette-400x200-9_218_388.png\" width=\"300\" height=\"169\"  alt=\"\"\/>\n                          \n                                  <div class=\"group inner list-groupupdate-item-heading\"><a href=\"https:\/\/www.interway.fr\/en\/interway-sera-present-au-retail-days-2026\/\">Interway sera pr\u00e9sent au Retail Days 2026<\/a><\/div>\n                                <div class=\"caption\">\n\n                                    <ul class=\"pmeta\">\n                                        <li class=\"time\"> \n\n                                            <span><i class=\"fa fa-calendar pmetaicon\"><\/i>  10\/03\/2026&nbsp;&nbsp;<\/span>\n                                            <span><i class=\"fa fa-user pmetaicon\"><\/i> Clara Martinez&nbsp;&nbsp;<\/span>\n                                            <span><i class=\"fa fa-comment pmetaicon\"><\/i>&nbsp; 0<\/span>\n                                        <\/li>\n                                    <\/ul>\n                                    <p class=\"group inner list-groupupdate-item-text\" >\n                                        Interway sera pr\u00e9sent au Retail days\u00a0 Deux collaborateurs d\u2019Interway seront pr\u00e9sents aux Retail Days Printemps, organis\u00e9s les 13 et 14 ...                                    <\/p>\n\n\n                               <\/div>\n                                <div class=\"entry-footer-\" >\n                                                                           <div class=\"colupdate-md-12 colupdate-lg-12 colupdate-xs-12\">\n                                            <a href=\"https:\/\/www.interway.fr\/en\/interway-sera-present-au-retail-days-2026\/\" class=\"rmore\">\n                                                En savoir plus&nbsp;<i class=\"fa fa-angle-double-right\"><\/i><\/a>\n                                        <\/div>\n                                                                   <\/div>\n\n                          <\/div>\n\n                              \n                              <div class=\"item___ psc_grid69f2505373017\">\n                                  <img loading=\"lazy\" decoding=\"async\" class=\"group list-group-image\" src=\"https:\/\/www.interway.fr\/wp-content\/uploads\/psc_post_slider_carousel\/1089807_Vignette-400x200-8_218_388.png\" width=\"300\" height=\"169\"  alt=\"\"\/>\n                          \n                                  <div class=\"group inner list-groupupdate-item-heading\"><a href=\"https:\/\/www.interway.fr\/en\/interway-sera-present-au-sommet-cb-2026\/\">Interway sera pr\u00e9sent au sommet CB 2026<\/a><\/div>\n                                <div class=\"caption\">\n\n                                    <ul class=\"pmeta\">\n                                        <li class=\"time\"> \n\n                                            <span><i class=\"fa fa-calendar pmetaicon\"><\/i>  04\/02\/2026&nbsp;&nbsp;<\/span>\n                                            <span><i class=\"fa fa-user pmetaicon\"><\/i> Clara Martinez&nbsp;&nbsp;<\/span>\n                                            <span><i class=\"fa fa-comment pmetaicon\"><\/i>&nbsp; 0<\/span>\n                                        <\/li>\n                                    <\/ul>\n                                    <p class=\"group inner list-groupupdate-item-text\" >\n                                        Interway sera pr\u00e9sent au sommet CB 2026 Interway sera pr\u00e9sent au Sommet CB 2026 le 31 mars au Carrousel du ...                                    <\/p>\n\n\n                               <\/div>\n                                <div class=\"entry-footer-\" >\n                                                                           <div class=\"colupdate-md-12 colupdate-lg-12 colupdate-xs-12\">\n                                            <a href=\"https:\/\/www.interway.fr\/en\/interway-sera-present-au-sommet-cb-2026\/\" class=\"rmore\">\n                                                En savoir plus&nbsp;<i class=\"fa fa-angle-double-right\"><\/i><\/a>\n                                        <\/div>\n                                                                   <\/div>\n\n                          <\/div>\n\n                              \n                              <div class=\"item___ psc_grid69f2505373017\">\n                                  <img loading=\"lazy\" decoding=\"async\" class=\"group list-group-image\" src=\"https:\/\/www.interway.fr\/wp-content\/uploads\/psc_post_slider_carousel\/1089410_Vignette-400x200-5_218_388.png\" width=\"300\" height=\"169\"  alt=\"\"\/>\n                          \n                                  <div class=\"group inner list-groupupdate-item-heading\"><a href=\"https:\/\/www.interway.fr\/en\/bonne-annee-2026\/\">Bonne Ann\u00e9e 2026<\/a><\/div>\n                                <div class=\"caption\">\n\n                                    <ul class=\"pmeta\">\n                                        <li class=\"time\"> \n\n                                            <span><i class=\"fa fa-calendar pmetaicon\"><\/i>  02\/01\/2026&nbsp;&nbsp;<\/span>\n                                            <span><i class=\"fa fa-user pmetaicon\"><\/i> interway&nbsp;&nbsp;<\/span>\n                                            <span><i class=\"fa fa-comment pmetaicon\"><\/i>&nbsp; 0<\/span>\n                                        <\/li>\n                                    <\/ul>\n                                    <p class=\"group inner list-groupupdate-item-text\" >\n                                        Toutes les \u00e9quipes Interwayvous souhaitent une bonne ann\u00e9e 2026 ! Le\u00a0Groupe Interway\u00a0vous adresse ses meilleurs v\u0153ux pour une excellente ann\u00e9e ...                                    <\/p>\n\n\n                               <\/div>\n                                <div class=\"entry-footer-\" >\n                                                                           <div class=\"colupdate-md-12 colupdate-lg-12 colupdate-xs-12\">\n                                            <a href=\"https:\/\/www.interway.fr\/en\/bonne-annee-2026\/\" class=\"rmore\">\n                                                En savoir plus&nbsp;<i class=\"fa fa-angle-double-right\"><\/i><\/a>\n                                        <\/div>\n                                                                   <\/div>\n\n                          <\/div>\n\n                              \n                              <div class=\"item___ psc_grid69f2505373017\">\n                                  <img loading=\"lazy\" decoding=\"async\" class=\"group list-group-image\" src=\"https:\/\/www.interway.fr\/wp-content\/uploads\/psc_post_slider_carousel\/1088669_Vignette-400x200-4_218_388.png\" width=\"300\" height=\"169\"  alt=\"\"\/>\n                          \n                                  <div class=\"group inner list-groupupdate-item-heading\"><a href=\"https:\/\/www.interway.fr\/en\/movember-2025\/\">Movember 2025<\/a><\/div>\n                                <div class=\"caption\">\n\n                                    <ul class=\"pmeta\">\n                                        <li class=\"time\"> \n\n                                            <span><i class=\"fa fa-calendar pmetaicon\"><\/i>  05\/11\/2025&nbsp;&nbsp;<\/span>\n                                            <span><i class=\"fa fa-user pmetaicon\"><\/i> Clara Martinez&nbsp;&nbsp;<\/span>\n                                            <span><i class=\"fa fa-comment pmetaicon\"><\/i>&nbsp; 0<\/span>\n                                        <\/li>\n                                    <\/ul>\n                                    <p class=\"group inner list-groupupdate-item-text\" >\n                                        Movember 2025 Movember : le Groupe Interway se mobilise pour la sant\u00e9 des hommes Chaque ann\u00e9e, Movember met en lumi\u00e8re ...                                    <\/p>\n\n\n                               <\/div>\n                                <div class=\"entry-footer-\" >\n                                                                           <div class=\"colupdate-md-12 colupdate-lg-12 colupdate-xs-12\">\n                                            <a href=\"https:\/\/www.interway.fr\/en\/movember-2025\/\" class=\"rmore\">\n                                                En savoir plus&nbsp;<i class=\"fa fa-angle-double-right\"><\/i><\/a>\n                                        <\/div>\n                                                                   <\/div>\n\n                          <\/div>\n\n                              \n                              <div class=\"item___ psc_grid69f2505373017\">\n                                  <img loading=\"lazy\" decoding=\"async\" class=\"group list-group-image\" src=\"https:\/\/www.interway.fr\/wp-content\/uploads\/psc_post_slider_carousel\/1088583_Vignette-400x200-1_218_388.png\" width=\"300\" height=\"169\"  alt=\"\"\/>\n                          \n                                  <div class=\"group inner list-groupupdate-item-heading\"><a href=\"https:\/\/www.interway.fr\/en\/octobre-rose-2025\/\">Octobre rose 2025<\/a><\/div>\n                                <div class=\"caption\">\n\n                                    <ul class=\"pmeta\">\n                                        <li class=\"time\"> \n\n                                            <span><i class=\"fa fa-calendar pmetaicon\"><\/i>  01\/10\/2025&nbsp;&nbsp;<\/span>\n                                            <span><i class=\"fa fa-user pmetaicon\"><\/i> Clara Martinez&nbsp;&nbsp;<\/span>\n                                            <span><i class=\"fa fa-comment pmetaicon\"><\/i>&nbsp; 0<\/span>\n                                        <\/li>\n                                    <\/ul>\n                                    <p class=\"group inner list-groupupdate-item-text\" >\n                                        \u00a0 \u00a0 \u00a0 \u00a0 \u00a0 \u00a0 \u00a0 \u00a0 \u00a0 \u00a0 \u00a0 \u00a0 \u00a0 \u00a0 \u00a0 \u00a0Octobre rose 2025 by Interway ...                                    <\/p>\n\n\n                               <\/div>\n                                <div class=\"entry-footer-\" >\n                                                                           <div class=\"colupdate-md-12 colupdate-lg-12 colupdate-xs-12\">\n                                            <a href=\"https:\/\/www.interway.fr\/en\/octobre-rose-2025\/\" class=\"rmore\">\n                                                En savoir plus&nbsp;<i class=\"fa fa-angle-double-right\"><\/i><\/a>\n                                        <\/div>\n                                                                   <\/div>\n\n                          <\/div>\n\n                              \n                              <div class=\"item___ psc_grid69f2505373017\">\n                                  <img loading=\"lazy\" decoding=\"async\" class=\"group list-group-image\" src=\"https:\/\/www.interway.fr\/wp-content\/uploads\/psc_post_slider_carousel\/1088551_Vignette-400x200-2_218_388.png\" width=\"300\" height=\"169\"  alt=\"\"\/>\n                          \n                                  <div class=\"group inner list-groupupdate-item-heading\"><a href=\"https:\/\/www.interway.fr\/en\/groupe-interway-sera-present-au-retail-days-2025\/\">Groupe Interway sera pr\u00e9sent aux RNTP 2025<\/a><\/div>\n                                <div class=\"caption\">\n\n                                    <ul class=\"pmeta\">\n                                        <li class=\"time\"> \n\n                                            <span><i class=\"fa fa-calendar pmetaicon\"><\/i>  24\/09\/2025&nbsp;&nbsp;<\/span>\n                                            <span><i class=\"fa fa-user pmetaicon\"><\/i> Clara Martinez&nbsp;&nbsp;<\/span>\n                                            <span><i class=\"fa fa-comment pmetaicon\"><\/i>&nbsp; 0<\/span>\n                                        <\/li>\n                                    <\/ul>\n                                    <p class=\"group inner list-groupupdate-item-text\" >\n                                        Groupe Interway sera pr\u00e9sent aux RNTP 2025 Le Groupe Interway pr\u00e9sent aux Rencontres nationales du transport public 2025 ! Du ...                                    <\/p>\n\n\n                               <\/div>\n                                <div class=\"entry-footer-\" >\n                                                                           <div class=\"colupdate-md-12 colupdate-lg-12 colupdate-xs-12\">\n                                            <a href=\"https:\/\/www.interway.fr\/en\/groupe-interway-sera-present-au-retail-days-2025\/\" class=\"rmore\">\n                                                En savoir plus&nbsp;<i class=\"fa fa-angle-double-right\"><\/i><\/a>\n                                        <\/div>\n                                                                   <\/div>\n\n                          <\/div>\n\n                              \n                              <div class=\"item___ psc_grid69f2505373017\">\n                                  <img loading=\"lazy\" decoding=\"async\" class=\"group list-group-image\" src=\"https:\/\/www.interway.fr\/wp-content\/uploads\/psc_post_slider_carousel\/908932_400-x-200-IMG-Groupe-Interway-au-NRF-2025_218_388.png\" width=\"300\" height=\"169\"  alt=\"\"\/>\n                          \n                                  <div class=\"group inner list-groupupdate-item-heading\"><a href=\"https:\/\/www.interway.fr\/en\/groupe-interway-au-nrf-2025\/\">Groupe Interway sera pr\u00e9sent au NRF 2025 \u00e0 Paris Portes de Versailles<\/a><\/div>\n                                <div class=\"caption\">\n\n                                    <ul class=\"pmeta\">\n                                        <li class=\"time\"> \n\n                                            <span><i class=\"fa fa-calendar pmetaicon\"><\/i>  07\/07\/2025&nbsp;&nbsp;<\/span>\n                                            <span><i class=\"fa fa-user pmetaicon\"><\/i> interway&nbsp;&nbsp;<\/span>\n                                            <span><i class=\"fa fa-comment pmetaicon\"><\/i>&nbsp; 0<\/span>\n                                        <\/li>\n                                    <\/ul>\n                                    <p class=\"group inner list-groupupdate-item-text\" >\n                                        Groupe Interway sera pr\u00e9sent au salon NRF 2025 Groupe Interway vous accueillera sur le stand P119 lors du Salon NRF ...                                    <\/p>\n\n\n                               <\/div>\n                                <div class=\"entry-footer-\" >\n                                                                           <div class=\"colupdate-md-12 colupdate-lg-12 colupdate-xs-12\">\n                                            <a href=\"https:\/\/www.interway.fr\/en\/groupe-interway-au-nrf-2025\/\" class=\"rmore\">\n                                                En savoir plus&nbsp;<i class=\"fa fa-angle-double-right\"><\/i><\/a>\n                                        <\/div>\n                                                                   <\/div>\n\n                          <\/div>\n\n                              \n                              <div class=\"item___ psc_grid69f2505373017\">\n                                  <img loading=\"lazy\" decoding=\"async\" class=\"group list-group-image\" src=\"https:\/\/www.interway.fr\/wp-content\/uploads\/psc_post_slider_carousel\/890148_Image-vignette-article-LMI_218_388.png\" width=\"300\" height=\"169\"  alt=\"\"\/>\n                          \n                                  <div class=\"group inner list-groupupdate-item-heading\"><a href=\"https:\/\/www.interway.fr\/en\/interway-expert-du-sd-wan-et-de-linfogerance-dans-le-monde-informatique\/\">Interway expert du SD-WAN et de l&rsquo;infog\u00e9rance<\/a><\/div>\n                                <div class=\"caption\">\n\n                                    <ul class=\"pmeta\">\n                                        <li class=\"time\"> \n\n                                            <span><i class=\"fa fa-calendar pmetaicon\"><\/i>  01\/07\/2025&nbsp;&nbsp;<\/span>\n                                            <span><i class=\"fa fa-user pmetaicon\"><\/i> interway&nbsp;&nbsp;<\/span>\n                                            <span><i class=\"fa fa-comment pmetaicon\"><\/i>&nbsp; 0<\/span>\n                                        <\/li>\n                                    <\/ul>\n                                    <p class=\"group inner list-groupupdate-item-text\" >\n                                        Interway expert du SD-WAN et de l&rsquo;infog\u00e9rance C\u00e9dric Ray, Directeur Technique de Groupe Interway, interview\u00e9 dans le journal Le Monde ...                                    <\/p>\n\n\n                               <\/div>\n                                <div class=\"entry-footer-\" >\n                                                                           <div class=\"colupdate-md-12 colupdate-lg-12 colupdate-xs-12\">\n                                            <a href=\"https:\/\/www.interway.fr\/en\/interway-expert-du-sd-wan-et-de-linfogerance-dans-le-monde-informatique\/\" class=\"rmore\">\n                                                En savoir plus&nbsp;<i class=\"fa fa-angle-double-right\"><\/i><\/a>\n                                        <\/div>\n                                                                   <\/div>\n\n                          <\/div>\n\n                              \n                              <div class=\"item___ psc_grid69f2505373017\">\n                                  <img loading=\"lazy\" decoding=\"async\" class=\"group list-group-image\" src=\"https:\/\/www.interway.fr\/wp-content\/uploads\/psc_post_slider_carousel\/750063_Copie-de-Vignette-Articles-Wordpress-400px-X-200px-2_218_388.png\" width=\"300\" height=\"169\"  alt=\"\"\/>\n                          \n                                  <div class=\"group inner list-groupupdate-item-heading\"><a href=\"https:\/\/www.interway.fr\/en\/innovation-au-service-de-la-performance-interne-chez-groupe-interway\/\">Innovation au service de la performance interne chez Groupe Interway<\/a><\/div>\n                                <div class=\"caption\">\n\n                                    <ul class=\"pmeta\">\n                                        <li class=\"time\"> \n\n                                            <span><i class=\"fa fa-calendar pmetaicon\"><\/i>  04\/06\/2025&nbsp;&nbsp;<\/span>\n                                            <span><i class=\"fa fa-user pmetaicon\"><\/i> interway&nbsp;&nbsp;<\/span>\n                                            <span><i class=\"fa fa-comment pmetaicon\"><\/i>&nbsp; 0<\/span>\n                                        <\/li>\n                                    <\/ul>\n                                    <p class=\"group inner list-groupupdate-item-text\" >\n                                        Innovation au service de la performance interne chez Groupe Interway Innovation au service de la performance interne chez Groupe Interway ...                                    <\/p>\n\n\n                               <\/div>\n                                <div class=\"entry-footer-\" >\n                                                                           <div class=\"colupdate-md-12 colupdate-lg-12 colupdate-xs-12\">\n                                            <a href=\"https:\/\/www.interway.fr\/en\/innovation-au-service-de-la-performance-interne-chez-groupe-interway\/\" class=\"rmore\">\n                                                En savoir plus&nbsp;<i class=\"fa fa-angle-double-right\"><\/i><\/a>\n                                        <\/div>\n                                                                   <\/div>\n\n                          <\/div>\n\n                              \n                              <div class=\"item___ psc_grid69f2505373017\">\n                                  <img loading=\"lazy\" decoding=\"async\" class=\"group list-group-image\" src=\"https:\/\/www.interway.fr\/wp-content\/uploads\/psc_post_slider_carousel\/768474_Copie-de-Vignette-Articles-Wordpress-400px-X-200px-1-2_218_388.png\" width=\"300\" height=\"169\"  alt=\"\"\/>\n                          \n                                  <div class=\"group inner list-groupupdate-item-heading\"><a href=\"https:\/\/www.interway.fr\/en\/webinaire-interway-sd-wan-du-concept-a-la-concretisation\/\">Webinaire Interway &#8211; Retour d&rsquo;exp\u00e9rience SD-WAN : du concept \u00e0 la concr\u00e9tisation<\/a><\/div>\n                                <div class=\"caption\">\n\n                                    <ul class=\"pmeta\">\n                                        <li class=\"time\"> \n\n                                            <span><i class=\"fa fa-calendar pmetaicon\"><\/i>  03\/06\/2025&nbsp;&nbsp;<\/span>\n                                            <span><i class=\"fa fa-user pmetaicon\"><\/i> interway&nbsp;&nbsp;<\/span>\n                                            <span><i class=\"fa fa-comment pmetaicon\"><\/i>&nbsp; 0<\/span>\n                                        <\/li>\n                                    <\/ul>\n                                    <p class=\"group inner list-groupupdate-item-text\" >\n                                        Webinaire Interway :SD-WAN : du concept \u00e0 la concr\u00e9tisation Retour d&rsquo;exp\u00e9rience SD-WAN : du concept \u00e0 la concr\u00e9tisation Interway organise ...                                    <\/p>\n\n\n                               <\/div>\n                                <div class=\"entry-footer-\" >\n                                                                           <div class=\"colupdate-md-12 colupdate-lg-12 colupdate-xs-12\">\n                                            <a href=\"https:\/\/www.interway.fr\/en\/webinaire-interway-sd-wan-du-concept-a-la-concretisation\/\" class=\"rmore\">\n                                                En savoir plus&nbsp;<i class=\"fa fa-angle-double-right\"><\/i><\/a>\n                                        <\/div>\n                                                                   <\/div>\n\n                          <\/div>\n\n                              \n                              <div class=\"item___ psc_grid69f2505373017\">\n                                  <img loading=\"lazy\" decoding=\"async\" class=\"group list-group-image\" src=\"https:\/\/www.interway.fr\/wp-content\/uploads\/psc_post_slider_carousel\/516636_Copie-de-Vignette-Articles-Wordpress-400px-X-200px-3_218_388.png\" width=\"300\" height=\"169\"  alt=\"\"\/>\n                          \n                                  <div class=\"group inner list-groupupdate-item-heading\"><a href=\"https:\/\/www.interway.fr\/en\/giway-sport-2025\/\">GIWAY Sport 2025<\/a><\/div>\n                                <div class=\"caption\">\n\n                                    <ul class=\"pmeta\">\n                                        <li class=\"time\"> \n\n                                            <span><i class=\"fa fa-calendar pmetaicon\"><\/i>  12\/05\/2025&nbsp;&nbsp;<\/span>\n                                            <span><i class=\"fa fa-user pmetaicon\"><\/i> interway&nbsp;&nbsp;<\/span>\n                                            <span><i class=\"fa fa-comment pmetaicon\"><\/i>&nbsp; 0<\/span>\n                                        <\/li>\n                                    <\/ul>\n                                    <p class=\"group inner list-groupupdate-item-text\" >\n                                        GIWAY Sport 2025 Groupe Interway est fier d&rsquo;annoncer le renouvellement de son initiative sportive, GIWAY Sport 2025, d\u00e9di\u00e9e au soutien ...                                    <\/p>\n\n\n                               <\/div>\n                                <div class=\"entry-footer-\" >\n                                                                           <div class=\"colupdate-md-12 colupdate-lg-12 colupdate-xs-12\">\n                                            <a href=\"https:\/\/www.interway.fr\/en\/giway-sport-2025\/\" class=\"rmore\">\n                                                En savoir plus&nbsp;<i class=\"fa fa-angle-double-right\"><\/i><\/a>\n                                        <\/div>\n                                                                   <\/div>\n\n                          <\/div>\n\n                              \n                              <div class=\"item___ psc_grid69f2505373017\">\n                                  <img loading=\"lazy\" decoding=\"async\" class=\"group list-group-image\" src=\"https:\/\/www.interway.fr\/wp-content\/uploads\/psc_post_slider_carousel\/395497_Vignette-Sommet-CB-Interway-2025_218_388.png\" width=\"300\" height=\"169\"  alt=\"\"\/>\n                          \n                                  <div class=\"group inner list-groupupdate-item-heading\"><a href=\"https:\/\/www.interway.fr\/en\/interway-etait-present-au-sommet-cb-2025\/\">Interway \u00e9tait pr\u00e9sent au sommet CB 2025<\/a><\/div>\n                                <div class=\"caption\">\n\n                                    <ul class=\"pmeta\">\n                                        <li class=\"time\"> \n\n                                            <span><i class=\"fa fa-calendar pmetaicon\"><\/i>  27\/03\/2025&nbsp;&nbsp;<\/span>\n                                            <span><i class=\"fa fa-user pmetaicon\"><\/i> interway&nbsp;&nbsp;<\/span>\n                                            <span><i class=\"fa fa-comment pmetaicon\"><\/i>&nbsp; 0<\/span>\n                                        <\/li>\n                                    <\/ul>\n                                    <p class=\"group inner list-groupupdate-item-text\" >\n                                        Interway \u00e9tait pr\u00e9sent au sommet CB 2025 Interway a eu le plaisir de vous accueillir au salon sommet cb 2025 ...                                    <\/p>\n\n\n                               <\/div>\n                                <div class=\"entry-footer-\" >\n                                                                           <div class=\"colupdate-md-12 colupdate-lg-12 colupdate-xs-12\">\n                                            <a href=\"https:\/\/www.interway.fr\/en\/interway-etait-present-au-sommet-cb-2025\/\" class=\"rmore\">\n                                                En savoir plus&nbsp;<i class=\"fa fa-angle-double-right\"><\/i><\/a>\n                                        <\/div>\n                                                                   <\/div>\n\n                          <\/div>\n\n                              \n                              <div class=\"item___ psc_grid69f2505373017\">\n                                  <img loading=\"lazy\" decoding=\"async\" class=\"group list-group-image\" src=\"https:\/\/www.interway.fr\/wp-content\/uploads\/psc_post_slider_carousel\/251571_400-x-200-GIWAY-Food-Hotel-Tech-2025_218_388.png\" width=\"300\" height=\"169\"  alt=\"\"\/>\n                          \n                                  <div class=\"group inner list-groupupdate-item-heading\"><a href=\"https:\/\/www.interway.fr\/en\/groupe-interway-au-food-hotel-tech-2025\/\">Groupe Interway au salon Food Hotel Tech 2025<\/a><\/div>\n                                <div class=\"caption\">\n\n                                    <ul class=\"pmeta\">\n                                        <li class=\"time\"> \n\n                                            <span><i class=\"fa fa-calendar pmetaicon\"><\/i>  12\/02\/2025&nbsp;&nbsp;<\/span>\n                                            <span><i class=\"fa fa-user pmetaicon\"><\/i> interway&nbsp;&nbsp;<\/span>\n                                            <span><i class=\"fa fa-comment pmetaicon\"><\/i>&nbsp; 0<\/span>\n                                        <\/li>\n                                    <\/ul>\n                                    <p class=\"group inner list-groupupdate-item-text\" >\n                                        Salon Food Hotel Tech Groupe Interway vous accueillera sur le stand L49 lors du Salon Food Hotel Tech 2025 \u00c0 ...                                    <\/p>\n\n\n                               <\/div>\n                                <div class=\"entry-footer-\" >\n                                                                           <div class=\"colupdate-md-12 colupdate-lg-12 colupdate-xs-12\">\n                                            <a href=\"https:\/\/www.interway.fr\/en\/groupe-interway-au-food-hotel-tech-2025\/\" class=\"rmore\">\n                                                En savoir plus&nbsp;<i class=\"fa fa-angle-double-right\"><\/i><\/a>\n                                        <\/div>\n                                                                   <\/div>\n\n                          <\/div>\n\n                              \n                              <div class=\"item___ psc_grid69f2505373017\">\n                                  <img loading=\"lazy\" decoding=\"async\" class=\"group list-group-image\" src=\"https:\/\/www.interway.fr\/wp-content\/uploads\/psc_post_slider_carousel\/232710_GIWAY-TOUR-2025-vignette_218_388.png\" width=\"300\" height=\"169\"  alt=\"\"\/>\n                          \n                                  <div class=\"group inner list-groupupdate-item-heading\"><a href=\"https:\/\/www.interway.fr\/en\/giway-tour-2025\/\">GIWAY TOUR 2025<\/a><\/div>\n                                <div class=\"caption\">\n\n                                    <ul class=\"pmeta\">\n                                        <li class=\"time\"> \n\n                                            <span><i class=\"fa fa-calendar pmetaicon\"><\/i>  23\/01\/2025&nbsp;&nbsp;<\/span>\n                                            <span><i class=\"fa fa-user pmetaicon\"><\/i> interway&nbsp;&nbsp;<\/span>\n                                            <span><i class=\"fa fa-comment pmetaicon\"><\/i>&nbsp; 0<\/span>\n                                        <\/li>\n                                    <\/ul>\n                                    <p class=\"group inner list-groupupdate-item-text\" >\n                                        GIWAY TOUR 2025 GIWAY Tour 2025 Pour pr\u00e9senter leurs v\u0153ux et les projets \u00e0 venir, les membres du CODIR Groupe ...                                    <\/p>\n\n\n                               <\/div>\n                                <div class=\"entry-footer-\" >\n                                                                           <div class=\"colupdate-md-12 colupdate-lg-12 colupdate-xs-12\">\n                                            <a href=\"https:\/\/www.interway.fr\/en\/giway-tour-2025\/\" class=\"rmore\">\n                                                En savoir plus&nbsp;<i class=\"fa fa-angle-double-right\"><\/i><\/a>\n                                        <\/div>\n                                                                   <\/div>\n\n                          <\/div>\n\n                              \n                              <div class=\"item___ psc_grid69f2505373017\">\n                                  <img loading=\"lazy\" decoding=\"async\" class=\"group list-group-image\" src=\"https:\/\/www.interway.fr\/wp-content\/uploads\/psc_post_slider_carousel\/164332_Vignette-bonne-annee-2025-Groupe-Interway_218_388.png\" width=\"300\" height=\"169\"  alt=\"\"\/>\n                          \n                                  <div class=\"group inner list-groupupdate-item-heading\"><a href=\"https:\/\/www.interway.fr\/en\/bonne-annee-2025\/\">Bonne Ann\u00e9e 2025<\/a><\/div>\n                                <div class=\"caption\">\n\n                                    <ul class=\"pmeta\">\n                                        <li class=\"time\"> \n\n                                            <span><i class=\"fa fa-calendar pmetaicon\"><\/i>  06\/01\/2025&nbsp;&nbsp;<\/span>\n                                            <span><i class=\"fa fa-user pmetaicon\"><\/i> interway&nbsp;&nbsp;<\/span>\n                                            <span><i class=\"fa fa-comment pmetaicon\"><\/i>&nbsp; 0<\/span>\n                                        <\/li>\n                                    <\/ul>\n                                    <p class=\"group inner list-groupupdate-item-text\" >\n                                        Toutes les \u00e9quipes Groupe Interwayvous souhaitent une bonne ann\u00e9e 2025 ! Le\u00a0Groupe Interway\u00a0vous adresse ses meilleurs v\u0153ux pour une excellente ...                                    <\/p>\n\n\n                               <\/div>\n                                <div class=\"entry-footer-\" >\n                                                                           <div class=\"colupdate-md-12 colupdate-lg-12 colupdate-xs-12\">\n                                            <a href=\"https:\/\/www.interway.fr\/en\/bonne-annee-2025\/\" class=\"rmore\">\n                                                En savoir plus&nbsp;<i class=\"fa fa-angle-double-right\"><\/i><\/a>\n                                        <\/div>\n                                                                   <\/div>\n\n                          <\/div>\n\n                              \n                              <div class=\"item___ psc_grid69f2505373017\">\n                                  <img loading=\"lazy\" decoding=\"async\" class=\"group list-group-image\" src=\"https:\/\/www.interway.fr\/wp-content\/uploads\/psc_post_slider_carousel\/127881_Vignette-ecovadis-silver_218_388.png\" width=\"300\" height=\"169\"  alt=\"\"\/>\n                          \n                                  <div class=\"group inner list-groupupdate-item-heading\"><a href=\"https:\/\/www.interway.fr\/en\/le-groupe-interway-obtient-la-certification-ecovadis-silver\/\">Le Groupe Interway obtient la certification ECOVADIS SILVER<\/a><\/div>\n                                <div class=\"caption\">\n\n                                    <ul class=\"pmeta\">\n                                        <li class=\"time\"> \n\n                                            <span><i class=\"fa fa-calendar pmetaicon\"><\/i>  11\/12\/2024&nbsp;&nbsp;<\/span>\n                                            <span><i class=\"fa fa-user pmetaicon\"><\/i> interway&nbsp;&nbsp;<\/span>\n                                            <span><i class=\"fa fa-comment pmetaicon\"><\/i>&nbsp; 0<\/span>\n                                        <\/li>\n                                    <\/ul>\n                                    <p class=\"group inner list-groupupdate-item-text\" >\n                                        Le Groupe Interway obtient la certification ECOVADIS SILVER Le Groupe Interway obtient la note de 70\/100 = ECOVADIS SILVER En ...                                    <\/p>\n\n\n                               <\/div>\n                                <div class=\"entry-footer-\" >\n                                                                           <div class=\"colupdate-md-12 colupdate-lg-12 colupdate-xs-12\">\n                                            <a href=\"https:\/\/www.interway.fr\/en\/le-groupe-interway-obtient-la-certification-ecovadis-silver\/\" class=\"rmore\">\n                                                En savoir plus&nbsp;<i class=\"fa fa-angle-double-right\"><\/i><\/a>\n                                        <\/div>\n                                                                   <\/div>\n\n                          <\/div>\n\n                              \n                              <div class=\"item___ psc_grid69f2505373017\">\n                                  <img loading=\"lazy\" decoding=\"async\" class=\"group list-group-image\" src=\"https:\/\/www.interway.fr\/wp-content\/uploads\/psc_post_slider_carousel\/102946_Copie-de-Vignette-Articles-Wordpress-400px-X-200px-1-1_218_388.png\" width=\"300\" height=\"169\"  alt=\"\"\/>\n                          \n                                  <div class=\"group inner list-groupupdate-item-heading\"><a href=\"https:\/\/www.interway.fr\/en\/movember-2024\/\">Movember 2024<\/a><\/div>\n                                <div class=\"caption\">\n\n                                    <ul class=\"pmeta\">\n                                        <li class=\"time\"> \n\n                                            <span><i class=\"fa fa-calendar pmetaicon\"><\/i>  13\/11\/2024&nbsp;&nbsp;<\/span>\n                                            <span><i class=\"fa fa-user pmetaicon\"><\/i> interway&nbsp;&nbsp;<\/span>\n                                            <span><i class=\"fa fa-comment pmetaicon\"><\/i>&nbsp; 0<\/span>\n                                        <\/li>\n                                    <\/ul>\n                                    <p class=\"group inner list-groupupdate-item-text\" >\n                                        Movember 2024 by Interway Avez-vous d\u00e9j\u00e0 entendu parler de\u00a0Movember\u00a0? Il s\u2019agit d\u2019un mois de soutien d\u2019une cause importante qui touche ...                                    <\/p>\n\n\n                               <\/div>\n                                <div class=\"entry-footer-\" >\n                                                                           <div class=\"colupdate-md-12 colupdate-lg-12 colupdate-xs-12\">\n                                            <a href=\"https:\/\/www.interway.fr\/en\/movember-2024\/\" class=\"rmore\">\n                                                En savoir plus&nbsp;<i class=\"fa fa-angle-double-right\"><\/i><\/a>\n                                        <\/div>\n                                                                   <\/div>\n\n                          <\/div>\n\n                              \n                              <div class=\"item___ psc_grid69f2505373017\">\n                                  <img loading=\"lazy\" decoding=\"async\" class=\"group list-group-image\" src=\"https:\/\/www.interway.fr\/wp-content\/uploads\/psc_post_slider_carousel\/81027_Vignette-Interway-REMPARTS-2024-2027_218_388.png\" width=\"300\" height=\"169\"  alt=\"\"\/>\n                          \n                                  <div class=\"group inner list-groupupdate-item-heading\"><a href=\"https:\/\/www.interway.fr\/en\/renouvellement-certification-remparts-2024-2027\/\">Renouvellement Certification REMPARTS 2024-2027<\/a><\/div>\n                                <div class=\"caption\">\n\n                                    <ul class=\"pmeta\">\n                                        <li class=\"time\"> \n\n                                            <span><i class=\"fa fa-calendar pmetaicon\"><\/i>  29\/10\/2024&nbsp;&nbsp;<\/span>\n                                            <span><i class=\"fa fa-user pmetaicon\"><\/i> interway&nbsp;&nbsp;<\/span>\n                                            <span><i class=\"fa fa-comment pmetaicon\"><\/i>&nbsp; 0<\/span>\n                                        <\/li>\n                                    <\/ul>\n                                    <p class=\"group inner list-groupupdate-item-text\" >\n                                        Interway renouvelle sonlabel REMPARTS pour 2024-2027 Interway renouvelle sa Certification REMPARTS Apr\u00e8s avoir \u00e9t\u00e9 le premier \u00e0 recevoir la certification, ...                                    <\/p>\n\n\n                               <\/div>\n                                <div class=\"entry-footer-\" >\n                                                                           <div class=\"colupdate-md-12 colupdate-lg-12 colupdate-xs-12\">\n                                            <a href=\"https:\/\/www.interway.fr\/en\/renouvellement-certification-remparts-2024-2027\/\" class=\"rmore\">\n                                                En savoir plus&nbsp;<i class=\"fa fa-angle-double-right\"><\/i><\/a>\n                                        <\/div>\n                                                                   <\/div>\n\n                          <\/div>\n\n                              \n                              <div class=\"item___ psc_grid69f2505373017\">\n                                  <img loading=\"lazy\" decoding=\"async\" class=\"group list-group-image\" src=\"https:\/\/www.interway.fr\/wp-content\/uploads\/psc_post_slider_carousel\/64558_vignete-voncention-hypromat-1_218_388.png\" width=\"300\" height=\"169\"  alt=\"\"\/>\n                          \n                                  <div class=\"group inner list-groupupdate-item-heading\"><a href=\"https:\/\/www.interway.fr\/en\/convention-hypromat\/\">Groupe Interway pr\u00e9sent \u00e0 la convention annuelle des franchis\u00e9s organis\u00e9e par El\u00e9phant Bleu \u00e0 Versailles.<\/a><\/div>\n                                <div class=\"caption\">\n\n                                    <ul class=\"pmeta\">\n                                        <li class=\"time\"> \n\n                                            <span><i class=\"fa fa-calendar pmetaicon\"><\/i>  16\/10\/2024&nbsp;&nbsp;<\/span>\n                                            <span><i class=\"fa fa-user pmetaicon\"><\/i> interway&nbsp;&nbsp;<\/span>\n                                            <span><i class=\"fa fa-comment pmetaicon\"><\/i>&nbsp; 0<\/span>\n                                        <\/li>\n                                    <\/ul>\n                                    <p class=\"group inner list-groupupdate-item-text\" >\n                                        Groupe Interway pr\u00e9sent\u00a0 \u00e0 la convention hypromat Retour sur une belle journ\u00e9e de collaboration ! Le vendredi 11 octobre, Groupe ...                                    <\/p>\n\n\n                               <\/div>\n                                <div class=\"entry-footer-\" >\n                                                                           <div class=\"colupdate-md-12 colupdate-lg-12 colupdate-xs-12\">\n                                            <a href=\"https:\/\/www.interway.fr\/en\/convention-hypromat\/\" class=\"rmore\">\n                                                En savoir plus&nbsp;<i class=\"fa fa-angle-double-right\"><\/i><\/a>\n                                        <\/div>\n                                                                   <\/div>\n\n                          <\/div>\n\n                              \n                              <div class=\"item___ psc_grid69f2505373017\">\n                                  <img loading=\"lazy\" decoding=\"async\" class=\"group list-group-image\" src=\"https:\/\/www.interway.fr\/wp-content\/uploads\/psc_post_slider_carousel\/10915_vignette-octobre-rose_218_388.png\" width=\"300\" height=\"169\"  alt=\"\"\/>\n                          \n                                  <div class=\"group inner list-groupupdate-item-heading\"><a href=\"https:\/\/www.interway.fr\/en\/octobre-rose-2024\/\">Octobre rose 2024<\/a><\/div>\n                                <div class=\"caption\">\n\n                                    <ul class=\"pmeta\">\n                                        <li class=\"time\"> \n\n                                            <span><i class=\"fa fa-calendar pmetaicon\"><\/i>  02\/10\/2024&nbsp;&nbsp;<\/span>\n                                            <span><i class=\"fa fa-user pmetaicon\"><\/i> interway&nbsp;&nbsp;<\/span>\n                                            <span><i class=\"fa fa-comment pmetaicon\"><\/i>&nbsp; 0<\/span>\n                                        <\/li>\n                                    <\/ul>\n                                    <p class=\"group inner list-groupupdate-item-text\" >\n                                        En octobre, Groupe Interway se met en rose\u00a0! Octobre Rose Vous avez d\u00e9j\u00e0 s\u00fbrement entendu parler d\u2019Octobre rose\u00a0? En effet, ...                                    <\/p>\n\n\n                               <\/div>\n                                <div class=\"entry-footer-\" >\n                                                                           <div class=\"colupdate-md-12 colupdate-lg-12 colupdate-xs-12\">\n                                            <a href=\"https:\/\/www.interway.fr\/en\/octobre-rose-2024\/\" class=\"rmore\">\n                                                En savoir plus&nbsp;<i class=\"fa fa-angle-double-right\"><\/i><\/a>\n                                        <\/div>\n                                                                   <\/div>\n\n                          <\/div>\n\n                              \n                              <div class=\"item___ psc_grid69f2505373017\">\n                                  <img loading=\"lazy\" decoding=\"async\" class=\"group list-group-image\" src=\"https:\/\/www.interway.fr\/wp-content\/uploads\/psc_post_slider_carousel\/10327_4971_Vignette-Mehdi_218_388_218_388.png\" width=\"300\" height=\"169\"  alt=\"\"\/>\n                          \n                                  <div class=\"group inner list-groupupdate-item-heading\"><a href=\"https:\/\/www.interway.fr\/en\/le-courage-a-lhonneur-chez-groupe-interway-%f0%9f%91%8f\/\">Le courage \u00e0 l\u2019honneur chez Groupe Interway<\/a><\/div>\n                                <div class=\"caption\">\n\n                                    <ul class=\"pmeta\">\n                                        <li class=\"time\"> \n\n                                            <span><i class=\"fa fa-calendar pmetaicon\"><\/i>  29\/08\/2024&nbsp;&nbsp;<\/span>\n                                            <span><i class=\"fa fa-user pmetaicon\"><\/i> interway&nbsp;&nbsp;<\/span>\n                                            <span><i class=\"fa fa-comment pmetaicon\"><\/i>&nbsp; 0<\/span>\n                                        <\/li>\n                                    <\/ul>\n                                    <p class=\"group inner list-groupupdate-item-text\" >\n                                        Le courage \u00e0 l\u2019honneur chez Groupe Interway Le 8 juillet 2024, lors de l\u2019une de nos missions \u00e0 la La ...                                    <\/p>\n\n\n                               <\/div>\n                                <div class=\"entry-footer-\" >\n                                                                           <div class=\"colupdate-md-12 colupdate-lg-12 colupdate-xs-12\">\n                                            <a href=\"https:\/\/www.interway.fr\/en\/le-courage-a-lhonneur-chez-groupe-interway-%f0%9f%91%8f\/\" class=\"rmore\">\n                                                En savoir plus&nbsp;<i class=\"fa fa-angle-double-right\"><\/i><\/a>\n                                        <\/div>\n                                                                   <\/div>\n\n                          <\/div>\n\n                              \n                              <div class=\"item___ psc_grid69f2505373017\">\n                                  <img loading=\"lazy\" decoding=\"async\" class=\"group list-group-image\" src=\"https:\/\/www.interway.fr\/wp-content\/uploads\/psc_post_slider_carousel\/6637_Image-actu-Interway-Le-Figaro_218_388.jpg\" width=\"300\" height=\"169\"  alt=\"\"\/>\n                          \n                                  <div class=\"group inner list-groupupdate-item-heading\"><a href=\"https:\/\/www.interway.fr\/en\/interway-expert-du-softpos-dans-le-figaro\/\">Interway expert du SoftPos dans le Figaro<\/a><\/div>\n                                <div class=\"caption\">\n\n                                    <ul class=\"pmeta\">\n                                        <li class=\"time\"> \n\n                                            <span><i class=\"fa fa-calendar pmetaicon\"><\/i>  19\/06\/2024&nbsp;&nbsp;<\/span>\n                                            <span><i class=\"fa fa-user pmetaicon\"><\/i> interway&nbsp;&nbsp;<\/span>\n                                            <span><i class=\"fa fa-comment pmetaicon\"><\/i>&nbsp; 0<\/span>\n                                        <\/li>\n                                    <\/ul>\n                                    <p class=\"group inner list-groupupdate-item-text\" >\n                                        Solution SoftPos Interway dans le Figaro Groupe Interway interview\u00e9 dans le journal du Figaro en tant que sp\u00e9cialiste du SoftPos ...                                    <\/p>\n\n\n                               <\/div>\n                                <div class=\"entry-footer-\" >\n                                                                           <div class=\"colupdate-md-12 colupdate-lg-12 colupdate-xs-12\">\n                                            <a href=\"https:\/\/www.interway.fr\/en\/interway-expert-du-softpos-dans-le-figaro\/\" class=\"rmore\">\n                                                En savoir plus&nbsp;<i class=\"fa fa-angle-double-right\"><\/i><\/a>\n                                        <\/div>\n                                                                   <\/div>\n\n                          <\/div>\n\n                              \n                              <div class=\"item___ psc_grid69f2505373017\">\n                                  <img loading=\"lazy\" decoding=\"async\" class=\"group list-group-image\" src=\"https:\/\/www.interway.fr\/wp-content\/uploads\/psc_post_slider_carousel\/6424_1-3_218_388.png\" width=\"300\" height=\"169\"  alt=\"\"\/>\n                          \n                                  <div class=\"group inner list-groupupdate-item-heading\"><a href=\"https:\/\/www.interway.fr\/en\/evenement-softpos-mai-2024\/\">Ev\u00e8nement SoftPos Worldline x Groupe Interway<\/a><\/div>\n                                <div class=\"caption\">\n\n                                    <ul class=\"pmeta\">\n                                        <li class=\"time\"> \n\n                                            <span><i class=\"fa fa-calendar pmetaicon\"><\/i>  24\/04\/2024&nbsp;&nbsp;<\/span>\n                                            <span><i class=\"fa fa-user pmetaicon\"><\/i> interway&nbsp;&nbsp;<\/span>\n                                            <span><i class=\"fa fa-comment pmetaicon\"><\/i>&nbsp; 0<\/span>\n                                        <\/li>\n                                    <\/ul>\n                                    <p class=\"group inner list-groupupdate-item-text\" >\n                                        Ev\u00e8nement SoftPOS Worldline x Groupe Interway Worldline et Groupe Interway lancent un \u00e9v\u00e8nement SoftPOS ! Quand le SoftPos r\u00e9volutionne l&rsquo;encaissement:\u00a0 ...                                    <\/p>\n\n\n                               <\/div>\n                                <div class=\"entry-footer-\" >\n                                                                           <div class=\"colupdate-md-12 colupdate-lg-12 colupdate-xs-12\">\n                                            <a href=\"https:\/\/www.interway.fr\/en\/evenement-softpos-mai-2024\/\" class=\"rmore\">\n                                                En savoir plus&nbsp;<i class=\"fa fa-angle-double-right\"><\/i><\/a>\n                                        <\/div>\n                                                                   <\/div>\n\n                          <\/div>\n\n                              \n                              <div class=\"item___ psc_grid69f2505373017\">\n                                  <img loading=\"lazy\" decoding=\"async\" class=\"group list-group-image\" src=\"https:\/\/www.interway.fr\/wp-content\/uploads\/psc_post_slider_carousel\/6423_4-1_218_388.png\" width=\"300\" height=\"169\"  alt=\"\"\/>\n                          \n                                  <div class=\"group inner list-groupupdate-item-heading\"><a href=\"https:\/\/www.interway.fr\/en\/interconnectes-2024-giway\/\">Forum des Interconnect\u00e9s 2024<\/a><\/div>\n                                <div class=\"caption\">\n\n                                    <ul class=\"pmeta\">\n                                        <li class=\"time\"> \n\n                                            <span><i class=\"fa fa-calendar pmetaicon\"><\/i>  05\/04\/2024&nbsp;&nbsp;<\/span>\n                                            <span><i class=\"fa fa-user pmetaicon\"><\/i> interway&nbsp;&nbsp;<\/span>\n                                            <span><i class=\"fa fa-comment pmetaicon\"><\/i>&nbsp; 0<\/span>\n                                        <\/li>\n                                    <\/ul>\n                                    <p class=\"group inner list-groupupdate-item-text\" >\n                                        Forum des Interconnect\u00e9s 2024 Nos \u00e9quipes de Groupe Interway et Sogetrel ont brill\u00e9 durant deux jours au Palais du Pharo ...                                    <\/p>\n\n\n                               <\/div>\n                                <div class=\"entry-footer-\" >\n                                                                           <div class=\"colupdate-md-12 colupdate-lg-12 colupdate-xs-12\">\n                                            <a href=\"https:\/\/www.interway.fr\/en\/interconnectes-2024-giway\/\" class=\"rmore\">\n                                                En savoir plus&nbsp;<i class=\"fa fa-angle-double-right\"><\/i><\/a>\n                                        <\/div>\n                                                                   <\/div>\n\n                          <\/div>\n\n                              \n                              <div class=\"item___ psc_grid69f2505373017\">\n                                  <img loading=\"lazy\" decoding=\"async\" class=\"group list-group-image\" src=\"https:\/\/www.interway.fr\/wp-content\/uploads\/psc_post_slider_carousel\/6425_3-2_218_388.png\" width=\"300\" height=\"169\"  alt=\"\"\/>\n                          \n                                  <div class=\"group inner list-groupupdate-item-heading\"><a href=\"https:\/\/www.interway.fr\/en\/congres-amf-2024\/\">Groupe Interway au Congr\u00e8s annuel de l\u2019AMF<\/a><\/div>\n                                <div class=\"caption\">\n\n                                    <ul class=\"pmeta\">\n                                        <li class=\"time\"> \n\n                                            <span><i class=\"fa fa-calendar pmetaicon\"><\/i>  20\/03\/2024&nbsp;&nbsp;<\/span>\n                                            <span><i class=\"fa fa-user pmetaicon\"><\/i> interway&nbsp;&nbsp;<\/span>\n                                            <span><i class=\"fa fa-comment pmetaicon\"><\/i>&nbsp; 0<\/span>\n                                        <\/li>\n                                    <\/ul>\n                                    <p class=\"group inner list-groupupdate-item-text\" >\n                                        Groupe Interway au Congr\u00e8s annuel de l\u2019AMF Lundi 18 mars, Le Groupe Interway a eu le plaisir de participer au ...                                    <\/p>\n\n\n                               <\/div>\n                                <div class=\"entry-footer-\" >\n                                                                           <div class=\"colupdate-md-12 colupdate-lg-12 colupdate-xs-12\">\n                                            <a href=\"https:\/\/www.interway.fr\/en\/congres-amf-2024\/\" class=\"rmore\">\n                                                En savoir plus&nbsp;<i class=\"fa fa-angle-double-right\"><\/i><\/a>\n                                        <\/div>\n                                                                   <\/div>\n\n                          <\/div>\n\n                              \n                              <div class=\"item___ psc_grid69f2505373017\">\n                                  <img loading=\"lazy\" decoding=\"async\" class=\"group list-group-image\" src=\"https:\/\/www.interway.fr\/wp-content\/uploads\/psc_post_slider_carousel\/6313_Design-sans-titre_218_388.png\" width=\"300\" height=\"169\"  alt=\"\"\/>\n                          \n                                  <div class=\"group inner list-groupupdate-item-heading\"><a href=\"https:\/\/www.interway.fr\/en\/giway-sport-2024\/\">GIWAY Sport 2024<\/a><\/div>\n                                <div class=\"caption\">\n\n                                    <ul class=\"pmeta\">\n                                        <li class=\"time\"> \n\n                                            <span><i class=\"fa fa-calendar pmetaicon\"><\/i>  27\/02\/2024&nbsp;&nbsp;<\/span>\n                                            <span><i class=\"fa fa-user pmetaicon\"><\/i> interway&nbsp;&nbsp;<\/span>\n                                            <span><i class=\"fa fa-comment pmetaicon\"><\/i>&nbsp; 0<\/span>\n                                        <\/li>\n                                    <\/ul>\n                                    <p class=\"group inner list-groupupdate-item-text\" >\n                                        GIWAY SPORT 2024 Groupe Interway est fier d&rsquo;annoncer le lancement de son initiative sportive, GIWAY Sport 2024, d\u00e9di\u00e9e au soutien ...                                    <\/p>\n\n\n                               <\/div>\n                                <div class=\"entry-footer-\" >\n                                                                           <div class=\"colupdate-md-12 colupdate-lg-12 colupdate-xs-12\">\n                                            <a href=\"https:\/\/www.interway.fr\/en\/giway-sport-2024\/\" class=\"rmore\">\n                                                En savoir plus&nbsp;<i class=\"fa fa-angle-double-right\"><\/i><\/a>\n                                        <\/div>\n                                                                   <\/div>\n\n                          <\/div>\n\n                              \n                              <div class=\"item___ psc_grid69f2505373017\">\n                                  <img loading=\"lazy\" decoding=\"async\" class=\"group list-group-image\" src=\"https:\/\/www.interway.fr\/wp-content\/uploads\/psc_post_slider_carousel\/6276_Image-actualites-NOUVEAU-site-Internet-qualite-interway_218_388.jpg\" width=\"300\" height=\"169\"  alt=\"\"\/>\n                          \n                                  <div class=\"group inner list-groupupdate-item-heading\"><a href=\"https:\/\/www.interway.fr\/en\/la-qualite-chez-interway\/\">La qualit\u00e9 chez Interway<\/a><\/div>\n                                <div class=\"caption\">\n\n                                    <ul class=\"pmeta\">\n                                        <li class=\"time\"> \n\n                                            <span><i class=\"fa fa-calendar pmetaicon\"><\/i>  20\/02\/2024&nbsp;&nbsp;<\/span>\n                                            <span><i class=\"fa fa-user pmetaicon\"><\/i> interway&nbsp;&nbsp;<\/span>\n                                            <span><i class=\"fa fa-comment pmetaicon\"><\/i>&nbsp; 0<\/span>\n                                        <\/li>\n                                    <\/ul>\n                                    <p class=\"group inner list-groupupdate-item-text\" >\n                                        La qualit\u00e9 chez Interway La qualit\u00e9 au c\u0153ur de nos priorit\u00e9s Depuis plus de 30 ans chez Groupe Interway, nous ...                                    <\/p>\n\n\n                               <\/div>\n                                <div class=\"entry-footer-\" >\n                                                                           <div class=\"colupdate-md-12 colupdate-lg-12 colupdate-xs-12\">\n                                            <a href=\"https:\/\/www.interway.fr\/en\/la-qualite-chez-interway\/\" class=\"rmore\">\n                                                En savoir plus&nbsp;<i class=\"fa fa-angle-double-right\"><\/i><\/a>\n                                        <\/div>\n                                                                   <\/div>\n\n                          <\/div>\n\n                              \n                              <div class=\"item___ psc_grid69f2505373017\">\n                                  <img loading=\"lazy\" decoding=\"async\" class=\"group list-group-image\" src=\"https:\/\/www.interway.fr\/wp-content\/uploads\/psc_post_slider_carousel\/6000_Copie-de-Vignette-Articles-Wordpress-400px-X-200px-1_218_388.png\" width=\"300\" height=\"169\"  alt=\"\"\/>\n                          \n                                  <div class=\"group inner list-groupupdate-item-heading\"><a href=\"https:\/\/www.interway.fr\/en\/bonne-annee-2024\/\">Bonne Ann\u00e9e 2024<\/a><\/div>\n                                <div class=\"caption\">\n\n                                    <ul class=\"pmeta\">\n                                        <li class=\"time\"> \n\n                                            <span><i class=\"fa fa-calendar pmetaicon\"><\/i>  02\/01\/2024&nbsp;&nbsp;<\/span>\n                                            <span><i class=\"fa fa-user pmetaicon\"><\/i> interway&nbsp;&nbsp;<\/span>\n                                            <span><i class=\"fa fa-comment pmetaicon\"><\/i>&nbsp; 0<\/span>\n                                        <\/li>\n                                    <\/ul>\n                                    <p class=\"group inner list-groupupdate-item-text\" >\n                                        Toutes les \u00e9quipes Groupe Interwayvous souhaitent une bonne ann\u00e9e 2024 ! &#x1f973; Bonne ann\u00e9e 2024 ! Pr\u00eats, feu, partez ! ...                                    <\/p>\n\n\n                               <\/div>\n                                <div class=\"entry-footer-\" >\n                                                                           <div class=\"colupdate-md-12 colupdate-lg-12 colupdate-xs-12\">\n                                            <a href=\"https:\/\/www.interway.fr\/en\/bonne-annee-2024\/\" class=\"rmore\">\n                                                En savoir plus&nbsp;<i class=\"fa fa-angle-double-right\"><\/i><\/a>\n                                        <\/div>\n                                                                   <\/div>\n\n                          <\/div>\n\n                              \n                              <div class=\"item___ psc_grid69f2505373017\">\n                                  <img loading=\"lazy\" decoding=\"async\" class=\"group list-group-image\" src=\"https:\/\/www.interway.fr\/wp-content\/uploads\/psc_post_slider_carousel\/5943_Image-actualites-krispy-kreme_218_388.jpg\" width=\"300\" height=\"169\"  alt=\"\"\/>\n                          \n                                  <div class=\"group inner list-groupupdate-item-heading\"><a href=\"https:\/\/www.interway.fr\/en\/groupe-interway-digitalise-krispy-kreme-france\/\">Groupe Interway digitalise la premi\u00e8re boutique Krispy Kreme France<\/a><\/div>\n                                <div class=\"caption\">\n\n                                    <ul class=\"pmeta\">\n                                        <li class=\"time\"> \n\n                                            <span><i class=\"fa fa-calendar pmetaicon\"><\/i>  22\/12\/2023&nbsp;&nbsp;<\/span>\n                                            <span><i class=\"fa fa-user pmetaicon\"><\/i> interway&nbsp;&nbsp;<\/span>\n                                            <span><i class=\"fa fa-comment pmetaicon\"><\/i>&nbsp; 0<\/span>\n                                        <\/li>\n                                    <\/ul>\n                                    <p class=\"group inner list-groupupdate-item-text\" >\n                                        Groupe Interway digitalise la premi\u00e8re boutique Krispy Kreme France Interview de Krispy Kreme suite \u00e0 l&rsquo;ouverture de leur 1\u00e8re boutique ...                                    <\/p>\n\n\n                               <\/div>\n                                <div class=\"entry-footer-\" >\n                                                                           <div class=\"colupdate-md-12 colupdate-lg-12 colupdate-xs-12\">\n                                            <a href=\"https:\/\/www.interway.fr\/en\/groupe-interway-digitalise-krispy-kreme-france\/\" class=\"rmore\">\n                                                En savoir plus&nbsp;<i class=\"fa fa-angle-double-right\"><\/i><\/a>\n                                        <\/div>\n                                                                   <\/div>\n\n                          <\/div>\n\n                              \n                              <div class=\"item___ psc_grid69f2505373017\">\n                                  <img loading=\"lazy\" decoding=\"async\" class=\"group list-group-image\" src=\"https:\/\/www.interway.fr\/wp-content\/uploads\/psc_post_slider_carousel\/6351_decarbonisation-fdj-1_218_388.png\" width=\"300\" height=\"169\"  alt=\"\"\/>\n                          \n                                  <div class=\"group inner list-groupupdate-item-heading\"><a href=\"https:\/\/www.interway.fr\/en\/suppliers-days-fdj\/\">Suppliers days par FDJ<\/a><\/div>\n                                <div class=\"caption\">\n\n                                    <ul class=\"pmeta\">\n                                        <li class=\"time\"> \n\n                                            <span><i class=\"fa fa-calendar pmetaicon\"><\/i>  06\/12\/2023&nbsp;&nbsp;<\/span>\n                                            <span><i class=\"fa fa-user pmetaicon\"><\/i> interway&nbsp;&nbsp;<\/span>\n                                            <span><i class=\"fa fa-comment pmetaicon\"><\/i>&nbsp; 0<\/span>\n                                        <\/li>\n                                    <\/ul>\n                                    <p class=\"group inner list-groupupdate-item-text\" >\n                                        Invitation suppliers days fdj Groupe Interway\u00a0est fier d\u2019\u00eatre un partenaire vert de la\u00a0FDJ &#8211; La Fran\u00e7aise des Jeux! La premi\u00e8re ...                                    <\/p>\n\n\n                               <\/div>\n                                <div class=\"entry-footer-\" >\n                                                                           <div class=\"colupdate-md-12 colupdate-lg-12 colupdate-xs-12\">\n                                            <a href=\"https:\/\/www.interway.fr\/en\/suppliers-days-fdj\/\" class=\"rmore\">\n                                                En savoir plus&nbsp;<i class=\"fa fa-angle-double-right\"><\/i><\/a>\n                                        <\/div>\n                                                                   <\/div>\n\n                          <\/div>\n\n                              \n                              <div class=\"item___ psc_grid69f2505373017\">\n                                  <img loading=\"lazy\" decoding=\"async\" class=\"group list-group-image\" src=\"https:\/\/www.interway.fr\/wp-content\/uploads\/psc_post_slider_carousel\/6333_Copie-de-Image-Slideshow-Site-Web-1920px-X-852px-2_218_388.png\" width=\"300\" height=\"169\"  alt=\"\"\/>\n                          \n                                  <div class=\"group inner list-groupupdate-item-heading\"><a href=\"https:\/\/www.interway.fr\/en\/octobre-rose-2023\/\">Octobre rose 2023<\/a><\/div>\n                                <div class=\"caption\">\n\n                                    <ul class=\"pmeta\">\n                                        <li class=\"time\"> \n\n                                            <span><i class=\"fa fa-calendar pmetaicon\"><\/i>  28\/10\/2023&nbsp;&nbsp;<\/span>\n                                            <span><i class=\"fa fa-user pmetaicon\"><\/i> interway&nbsp;&nbsp;<\/span>\n                                            <span><i class=\"fa fa-comment pmetaicon\"><\/i>&nbsp; 0<\/span>\n                                        <\/li>\n                                    <\/ul>\n                                    <p class=\"group inner list-groupupdate-item-text\" >\n                                        Octobre rose 2023 En octobre, Groupe Interway \u00e9tait en Rose ! Octobre Rose Vous avez certainement d\u00e9j\u00e0 entendu parler d\u2019Octobre ...                                    <\/p>\n\n\n                               <\/div>\n                                <div class=\"entry-footer-\" >\n                                                                           <div class=\"colupdate-md-12 colupdate-lg-12 colupdate-xs-12\">\n                                            <a href=\"https:\/\/www.interway.fr\/en\/octobre-rose-2023\/\" class=\"rmore\">\n                                                En savoir plus&nbsp;<i class=\"fa fa-angle-double-right\"><\/i><\/a>\n                                        <\/div>\n                                                                   <\/div>\n\n                          <\/div>\n\n                              \n                              <div class=\"item___ psc_grid69f2505373017\">\n                                  <img loading=\"lazy\" decoding=\"async\" class=\"group list-group-image\" src=\"https:\/\/www.interway.fr\/wp-content\/uploads\/psc_post_slider_carousel\/6057_admin-ajax_218_388.png\" width=\"300\" height=\"169\"  alt=\"\"\/>\n                          \n                                  <div class=\"group inner list-groupupdate-item-heading\"><a href=\"https:\/\/www.interway.fr\/en\/les-valeurs-dinterway\/\">Les valeurs d&rsquo;interway<\/a><\/div>\n                                <div class=\"caption\">\n\n                                    <ul class=\"pmeta\">\n                                        <li class=\"time\"> \n\n                                            <span><i class=\"fa fa-calendar pmetaicon\"><\/i>  27\/09\/2023&nbsp;&nbsp;<\/span>\n                                            <span><i class=\"fa fa-user pmetaicon\"><\/i> interway&nbsp;&nbsp;<\/span>\n                                            <span><i class=\"fa fa-comment pmetaicon\"><\/i>&nbsp; 0<\/span>\n                                        <\/li>\n                                    <\/ul>\n                                    <p class=\"group inner list-groupupdate-item-text\" >\n                                        Les Valeurs d&rsquo;Interway L\u2019histoire d\u2019Interway c\u2019est l\u2019histoire d\u2019une r\u00e9ussite, une entreprise de 5 personnes bas\u00e9e dans le sud de la ...                                    <\/p>\n\n\n                               <\/div>\n                                <div class=\"entry-footer-\" >\n                                                                           <div class=\"colupdate-md-12 colupdate-lg-12 colupdate-xs-12\">\n                                            <a href=\"https:\/\/www.interway.fr\/en\/les-valeurs-dinterway\/\" class=\"rmore\">\n                                                En savoir plus&nbsp;<i class=\"fa fa-angle-double-right\"><\/i><\/a>\n                                        <\/div>\n                                                                   <\/div>\n\n                          <\/div>\n\n                              \n                              <div class=\"item___ psc_grid69f2505373017\">\n                                  <img loading=\"lazy\" decoding=\"async\" class=\"group list-group-image\" src=\"https:\/\/www.interway.fr\/wp-content\/uploads\/psc_post_slider_carousel\/6345_formation-tech-news-2_218_388.png\" width=\"300\" height=\"169\"  alt=\"\"\/>\n                          \n                                  <div class=\"group inner list-groupupdate-item-heading\"><a href=\"https:\/\/www.interway.fr\/en\/formation-technologique-terrain\/\">Formation technologique des collaborateurs terrain<\/a><\/div>\n                                <div class=\"caption\">\n\n                                    <ul class=\"pmeta\">\n                                        <li class=\"time\"> \n\n                                            <span><i class=\"fa fa-calendar pmetaicon\"><\/i>  29\/06\/2023&nbsp;&nbsp;<\/span>\n                                            <span><i class=\"fa fa-user pmetaicon\"><\/i> interway&nbsp;&nbsp;<\/span>\n                                            <span><i class=\"fa fa-comment pmetaicon\"><\/i>&nbsp; 0<\/span>\n                                        <\/li>\n                                    <\/ul>\n                                    <p class=\"group inner list-groupupdate-item-text\" >\n                                        Formation Technologique et Immersive pour nos Techniciens Le Groupe Interway, leader dans le domaine des services technologiques, s\u2019engage r\u00e9solument \u00e0 ...                                    <\/p>\n\n\n                               <\/div>\n                                <div class=\"entry-footer-\" >\n                                                                           <div class=\"colupdate-md-12 colupdate-lg-12 colupdate-xs-12\">\n                                            <a href=\"https:\/\/www.interway.fr\/en\/formation-technologique-terrain\/\" class=\"rmore\">\n                                                En savoir plus&nbsp;<i class=\"fa fa-angle-double-right\"><\/i><\/a>\n                                        <\/div>\n                                                                   <\/div>\n\n                          <\/div>\n\n                              \n                              <div class=\"item___ psc_grid69f2505373017\">\n                                  <img loading=\"lazy\" decoding=\"async\" class=\"group list-group-image\" src=\"https:\/\/www.interway.fr\/wp-content\/uploads\/psc_post_slider_carousel\/5524_ECOVADIS-400-x-200-_218_388.png\" width=\"300\" height=\"169\"  alt=\"\"\/>\n                          \n                                  <div class=\"group inner list-groupupdate-item-heading\"><a href=\"https:\/\/www.interway.fr\/en\/le-groupe-interway-renouvele-ecovadis-gold\/\">Le Groupe Interway renouvel\u00e9 ECOVADIS GOLD<\/a><\/div>\n                                <div class=\"caption\">\n\n                                    <ul class=\"pmeta\">\n                                        <li class=\"time\"> \n\n                                            <span><i class=\"fa fa-calendar pmetaicon\"><\/i>  28\/06\/2023&nbsp;&nbsp;<\/span>\n                                            <span><i class=\"fa fa-user pmetaicon\"><\/i> interway&nbsp;&nbsp;<\/span>\n                                            <span><i class=\"fa fa-comment pmetaicon\"><\/i>&nbsp; 0<\/span>\n                                        <\/li>\n                                    <\/ul>\n                                    <p class=\"group inner list-groupupdate-item-text\" >\n                                        Le Groupe Interway renouvel\u00e9 ECOVADIS GOLD Le Groupe Interway obtient la note de 71\/100 = ECOVADIS GOLD En 2023, le ...                                    <\/p>\n\n\n                               <\/div>\n                                <div class=\"entry-footer-\" >\n                                                                           <div class=\"colupdate-md-12 colupdate-lg-12 colupdate-xs-12\">\n                                            <a href=\"https:\/\/www.interway.fr\/en\/le-groupe-interway-renouvele-ecovadis-gold\/\" class=\"rmore\">\n                                                En savoir plus&nbsp;<i class=\"fa fa-angle-double-right\"><\/i><\/a>\n                                        <\/div>\n                                                                   <\/div>\n\n                          <\/div>\n\n                              \n                              <div class=\"item___ psc_grid69f2505373017\">\n                                  <img loading=\"lazy\" decoding=\"async\" class=\"group list-group-image\" src=\"https:\/\/www.interway.fr\/wp-content\/uploads\/psc_post_slider_carousel\/6349_30-ans-slideshow-news_218_388.png\" width=\"300\" height=\"169\"  alt=\"\"\/>\n                          \n                                  <div class=\"group inner list-groupupdate-item-heading\"><a href=\"https:\/\/www.interway.fr\/en\/30-ans-giway\/\">30 ans du Groupe Interway<\/a><\/div>\n                                <div class=\"caption\">\n\n                                    <ul class=\"pmeta\">\n                                        <li class=\"time\"> \n\n                                            <span><i class=\"fa fa-calendar pmetaicon\"><\/i>  06\/06\/2023&nbsp;&nbsp;<\/span>\n                                            <span><i class=\"fa fa-user pmetaicon\"><\/i> interway&nbsp;&nbsp;<\/span>\n                                            <span><i class=\"fa fa-comment pmetaicon\"><\/i>&nbsp; 0<\/span>\n                                        <\/li>\n                                    <\/ul>\n                                    <p class=\"group inner list-groupupdate-item-text\" >\n                                        30 ans du Groupe INTERWAY Ce vendredi 2 juin , nous avons c\u00e9l\u00e9br\u00e9 un \u00e9v\u00e8nement tr\u00e8s sp\u00e9cial : le 30\u00e8me ...                                    <\/p>\n\n\n                               <\/div>\n                                <div class=\"entry-footer-\" >\n                                                                           <div class=\"colupdate-md-12 colupdate-lg-12 colupdate-xs-12\">\n                                            <a href=\"https:\/\/www.interway.fr\/en\/30-ans-giway\/\" class=\"rmore\">\n                                                En savoir plus&nbsp;<i class=\"fa fa-angle-double-right\"><\/i><\/a>\n                                        <\/div>\n                                                                   <\/div>\n\n                          <\/div>\n\n                              \n                              <div class=\"item___ psc_grid69f2505373017\">\n                                  <img loading=\"lazy\" decoding=\"async\" class=\"group list-group-image\" src=\"https:\/\/www.interway.fr\/wp-content\/uploads\/psc_post_slider_carousel\/4547_Vignette-Interway-REMPARTS-2024-2027_218_388.png\" width=\"300\" height=\"169\"  alt=\"\"\/>\n                          \n                                  <div class=\"group inner list-groupupdate-item-heading\"><a href=\"https:\/\/www.interway.fr\/en\/renouvellement-certification-remparts\/\">Renouvellement Certification REMPARTS<\/a><\/div>\n                                <div class=\"caption\">\n\n                                    <ul class=\"pmeta\">\n                                        <li class=\"time\"> \n\n                                            <span><i class=\"fa fa-calendar pmetaicon\"><\/i>  11\/01\/2023&nbsp;&nbsp;<\/span>\n                                            <span><i class=\"fa fa-user pmetaicon\"><\/i> interway&nbsp;&nbsp;<\/span>\n                                            <span><i class=\"fa fa-comment pmetaicon\"><\/i>&nbsp; 0<\/span>\n                                        <\/li>\n                                    <\/ul>\n                                    <p class=\"group inner list-groupupdate-item-text\" >\n                                        Interway renouvelleson label REMPARTS Interway renouvelle sa Certification REMPARTS Apr\u00e8s avoir \u00e9t\u00e9 le premier \u00e0 recevoir la certification, Interway est ...                                    <\/p>\n\n\n                               <\/div>\n                                <div class=\"entry-footer-\" >\n                                                                           <div class=\"colupdate-md-12 colupdate-lg-12 colupdate-xs-12\">\n                                            <a href=\"https:\/\/www.interway.fr\/en\/renouvellement-certification-remparts\/\" class=\"rmore\">\n                                                En savoir plus&nbsp;<i class=\"fa fa-angle-double-right\"><\/i><\/a>\n                                        <\/div>\n                                                                   <\/div>\n\n                          <\/div>\n\n                              \n                              <div class=\"item___ psc_grid69f2505373017\">\n                                  <img loading=\"lazy\" decoding=\"async\" class=\"group list-group-image\" src=\"https:\/\/www.interway.fr\/wp-content\/uploads\/psc_post_slider_carousel\/4297_Image-Nouvelle-Annee-2023-Groupe-Interway_218_388.png\" width=\"300\" height=\"169\"  alt=\"\"\/>\n                          \n                                  <div class=\"group inner list-groupupdate-item-heading\"><a href=\"https:\/\/www.interway.fr\/en\/bonne-annee-2023\/\">Bonne Ann\u00e9e 2023<\/a><\/div>\n                                <div class=\"caption\">\n\n                                    <ul class=\"pmeta\">\n                                        <li class=\"time\"> \n\n                                            <span><i class=\"fa fa-calendar pmetaicon\"><\/i>  03\/01\/2023&nbsp;&nbsp;<\/span>\n                                            <span><i class=\"fa fa-user pmetaicon\"><\/i> interway&nbsp;&nbsp;<\/span>\n                                            <span><i class=\"fa fa-comment pmetaicon\"><\/i>&nbsp; 0<\/span>\n                                        <\/li>\n                                    <\/ul>\n                                    <p class=\"group inner list-groupupdate-item-text\" >\n                                        Bonne ann\u00e9e 2023 &#x1f973; Bonne ann\u00e9e 2023 ! Nous vous souhaitons tous nos v\u0153ux de bonheur pour cette nouvelle ann\u00e9e. ...                                    <\/p>\n\n\n                               <\/div>\n                                <div class=\"entry-footer-\" >\n                                                                           <div class=\"colupdate-md-12 colupdate-lg-12 colupdate-xs-12\">\n                                            <a href=\"https:\/\/www.interway.fr\/en\/bonne-annee-2023\/\" class=\"rmore\">\n                                                En savoir plus&nbsp;<i class=\"fa fa-angle-double-right\"><\/i><\/a>\n                                        <\/div>\n                                                                   <\/div>\n\n                          <\/div>\n\n                              \n                              <div class=\"item___ psc_grid69f2505373017\">\n                                  <img loading=\"lazy\" decoding=\"async\" class=\"group list-group-image\" src=\"https:\/\/www.interway.fr\/wp-content\/uploads\/psc_post_slider_carousel\/4239_Image-actu-Interway-Le-Figaro_218_388.jpg\" width=\"300\" height=\"169\"  alt=\"\"\/>\n                          \n                                  <div class=\"group inner list-groupupdate-item-heading\"><a href=\"https:\/\/www.interway.fr\/en\/interway-expert-de-linfogerance-dans-le-figaro\/\">Interway expert de l&rsquo;infog\u00e9rance dans le Figaro<\/a><\/div>\n                                <div class=\"caption\">\n\n                                    <ul class=\"pmeta\">\n                                        <li class=\"time\"> \n\n                                            <span><i class=\"fa fa-calendar pmetaicon\"><\/i>  26\/12\/2022&nbsp;&nbsp;<\/span>\n                                            <span><i class=\"fa fa-user pmetaicon\"><\/i> interway&nbsp;&nbsp;<\/span>\n                                            <span><i class=\"fa fa-comment pmetaicon\"><\/i>&nbsp; 0<\/span>\n                                        <\/li>\n                                    <\/ul>\n                                    <p class=\"group inner list-groupupdate-item-text\" >\n                                        Groupe Interwaydans le Figaro Groupe Interway interview\u00e9 dans le journal du Figaro en tant que sp\u00e9cialiste de l&rsquo;infog\u00e9rance Eric Jotti, ...                                    <\/p>\n\n\n                               <\/div>\n                                <div class=\"entry-footer-\" >\n                                                                           <div class=\"colupdate-md-12 colupdate-lg-12 colupdate-xs-12\">\n                                            <a href=\"https:\/\/www.interway.fr\/en\/interway-expert-de-linfogerance-dans-le-figaro\/\" class=\"rmore\">\n                                                En savoir plus&nbsp;<i class=\"fa fa-angle-double-right\"><\/i><\/a>\n                                        <\/div>\n                                                                   <\/div>\n\n                          <\/div>\n\n                              \n                              <div class=\"item___ psc_grid69f2505373017\">\n                                  <img loading=\"lazy\" decoding=\"async\" class=\"group list-group-image\" src=\"https:\/\/www.interway.fr\/wp-content\/uploads\/psc_post_slider_carousel\/4254_Image-actu-Interway-digital-day-2022_218_388.jpg\" width=\"300\" height=\"169\"  alt=\"\"\/>\n                          \n                                  <div class=\"group inner list-groupupdate-item-heading\"><a href=\"https:\/\/www.interway.fr\/en\/digital-day-by-groupe-interway-2022\/\">Digital Day by Groupe Interway 2022<\/a><\/div>\n                                <div class=\"caption\">\n\n                                    <ul class=\"pmeta\">\n                                        <li class=\"time\"> \n\n                                            <span><i class=\"fa fa-calendar pmetaicon\"><\/i>  14\/10\/2022&nbsp;&nbsp;<\/span>\n                                            <span><i class=\"fa fa-user pmetaicon\"><\/i> interway&nbsp;&nbsp;<\/span>\n                                            <span><i class=\"fa fa-comment pmetaicon\"><\/i>&nbsp; 0<\/span>\n                                        <\/li>\n                                    <\/ul>\n                                    <p class=\"group inner list-groupupdate-item-text\" >\n                                        Journ\u00e9e digital day by groupe interway Groupe Interway a pr\u00e9sent\u00e9 son nouveau showroom parisien et mis en avant ses solutions ...                                    <\/p>\n\n\n                               <\/div>\n                                <div class=\"entry-footer-\" >\n                                                                           <div class=\"colupdate-md-12 colupdate-lg-12 colupdate-xs-12\">\n                                            <a href=\"https:\/\/www.interway.fr\/en\/digital-day-by-groupe-interway-2022\/\" class=\"rmore\">\n                                                En savoir plus&nbsp;<i class=\"fa fa-angle-double-right\"><\/i><\/a>\n                                        <\/div>\n                                                                   <\/div>\n\n                          <\/div>\n\n                              \n                              <div class=\"item___ psc_grid69f2505373017\">\n                                  <img loading=\"lazy\" decoding=\"async\" class=\"group list-group-image\" src=\"https:\/\/www.interway.fr\/wp-content\/uploads\/psc_post_slider_carousel\/4114_Image-actu-Interway-Le-Figaro_218_388.jpg\" width=\"300\" height=\"169\"  alt=\"\"\/>\n                          \n                                  <div class=\"group inner list-groupupdate-item-heading\"><a href=\"https:\/\/www.interway.fr\/en\/interway-expert-de-la-monetique-dans-le-figaro\/\">Interway expert de la mon\u00e9tique dans Le Figaro<\/a><\/div>\n                                <div class=\"caption\">\n\n                                    <ul class=\"pmeta\">\n                                        <li class=\"time\"> \n\n                                            <span><i class=\"fa fa-calendar pmetaicon\"><\/i>  16\/06\/2022&nbsp;&nbsp;<\/span>\n                                            <span><i class=\"fa fa-user pmetaicon\"><\/i> interway&nbsp;&nbsp;<\/span>\n                                            <span><i class=\"fa fa-comment pmetaicon\"><\/i>&nbsp; 0<\/span>\n                                        <\/li>\n                                    <\/ul>\n                                    <p class=\"group inner list-groupupdate-item-text\" >\n                                        Groupe Interwaydans le Figaro Groupe Interway interview\u00e9 en tant que sp\u00e9cialiste de la mon\u00e9tique et des moyens de paiement Eric ...                                    <\/p>\n\n\n                               <\/div>\n                                <div class=\"entry-footer-\" >\n                                                                           <div class=\"colupdate-md-12 colupdate-lg-12 colupdate-xs-12\">\n                                            <a href=\"https:\/\/www.interway.fr\/en\/interway-expert-de-la-monetique-dans-le-figaro\/\" class=\"rmore\">\n                                                En savoir plus&nbsp;<i class=\"fa fa-angle-double-right\"><\/i><\/a>\n                                        <\/div>\n                                                                   <\/div>\n\n                          <\/div>\n\n                              \n                              <div class=\"item___ psc_grid69f2505373017\">\n                                  <img loading=\"lazy\" decoding=\"async\" class=\"group list-group-image\" src=\"https:\/\/www.interway.fr\/wp-content\/uploads\/psc_post_slider_carousel\/4066_vignette-actualites-challenge-marche_218_388.png\" width=\"300\" height=\"169\"  alt=\"\"\/>\n                          \n                                  <div class=\"group inner list-groupupdate-item-heading\"><a href=\"https:\/\/www.interway.fr\/en\/challenge-walk-smile-interway-2022\/\">Challenge Walk &#038; Smile Interway 2022<\/a><\/div>\n                                <div class=\"caption\">\n\n                                    <ul class=\"pmeta\">\n                                        <li class=\"time\"> \n\n                                            <span><i class=\"fa fa-calendar pmetaicon\"><\/i>  31\/05\/2022&nbsp;&nbsp;<\/span>\n                                            <span><i class=\"fa fa-user pmetaicon\"><\/i> interway&nbsp;&nbsp;<\/span>\n                                            <span><i class=\"fa fa-comment pmetaicon\"><\/i>&nbsp; 0<\/span>\n                                        <\/li>\n                                    <\/ul>\n                                    <p class=\"group inner list-groupupdate-item-text\" >\n                                        Challenge Walk &amp; Smile INTERWAY 2022 Challenge de marche au profit de l&rsquo;association sourire \u00e0 la vie En 2022, et ...                                    <\/p>\n\n\n                               <\/div>\n                                <div class=\"entry-footer-\" >\n                                                                           <div class=\"colupdate-md-12 colupdate-lg-12 colupdate-xs-12\">\n                                            <a href=\"https:\/\/www.interway.fr\/en\/challenge-walk-smile-interway-2022\/\" class=\"rmore\">\n                                                En savoir plus&nbsp;<i class=\"fa fa-angle-double-right\"><\/i><\/a>\n                                        <\/div>\n                                                                   <\/div>\n\n                          <\/div>\n\n                              \n                              <div class=\"item___ psc_grid69f2505373017\">\n                                  <img loading=\"lazy\" decoding=\"async\" class=\"group list-group-image\" src=\"https:\/\/www.interway.fr\/wp-content\/uploads\/psc_post_slider_carousel\/3898_Image-actu-Interway-videos-food_218_388.jpg\" width=\"300\" height=\"169\"  alt=\"\"\/>\n                          \n                                  <div class=\"group inner list-groupupdate-item-heading\"><a href=\"https:\/\/www.interway.fr\/en\/serie-de-videos-secteur-restauration\/\">S\u00e9rie de vid\u00e9os Secteur Restauration<\/a><\/div>\n                                <div class=\"caption\">\n\n                                    <ul class=\"pmeta\">\n                                        <li class=\"time\"> \n\n                                            <span><i class=\"fa fa-calendar pmetaicon\"><\/i>  15\/04\/2022&nbsp;&nbsp;<\/span>\n                                            <span><i class=\"fa fa-user pmetaicon\"><\/i> interway&nbsp;&nbsp;<\/span>\n                                            <span><i class=\"fa fa-comment pmetaicon\"><\/i>&nbsp; 0<\/span>\n                                        <\/li>\n                                    <\/ul>\n                                    <p class=\"group inner list-groupupdate-item-text\" >\n                                        S\u00e9rie de vid\u00e9osSECTEUR RESTAURATION S\u00e9rie de 5 vid\u00e9os repr\u00e9sentant les solutions digitales du Groupe Interway dans le secteur de la ...                                    <\/p>\n\n\n                               <\/div>\n                                <div class=\"entry-footer-\" >\n                                                                           <div class=\"colupdate-md-12 colupdate-lg-12 colupdate-xs-12\">\n                                            <a href=\"https:\/\/www.interway.fr\/en\/serie-de-videos-secteur-restauration\/\" class=\"rmore\">\n                                                En savoir plus&nbsp;<i class=\"fa fa-angle-double-right\"><\/i><\/a>\n                                        <\/div>\n                                                                   <\/div>\n\n                          <\/div>\n\n                              \n                              <div class=\"item___ psc_grid69f2505373017\">\n                                  <img loading=\"lazy\" decoding=\"async\" class=\"group list-group-image\" src=\"https:\/\/www.interway.fr\/wp-content\/uploads\/psc_post_slider_carousel\/3793_Image-actualites-Interway-bonne-annee-2022_218_388.jpg\" width=\"300\" height=\"169\"  alt=\"\"\/>\n                          \n                                  <div class=\"group inner list-groupupdate-item-heading\"><a href=\"https:\/\/www.interway.fr\/en\/bonne-annee-2022\/\">Bonne ann\u00e9e 2022<\/a><\/div>\n                                <div class=\"caption\">\n\n                                    <ul class=\"pmeta\">\n                                        <li class=\"time\"> \n\n                                            <span><i class=\"fa fa-calendar pmetaicon\"><\/i>  05\/01\/2022&nbsp;&nbsp;<\/span>\n                                            <span><i class=\"fa fa-user pmetaicon\"><\/i> interway&nbsp;&nbsp;<\/span>\n                                            <span><i class=\"fa fa-comment pmetaicon\"><\/i>&nbsp; 0<\/span>\n                                        <\/li>\n                                    <\/ul>\n                                    <p class=\"group inner list-groupupdate-item-text\" >\n                                        Bonne ann\u00e9e 2022 &#x1f973; Bonne ann\u00e9e 2022 ! Nous vous souhaitons tous nos v\u0153ux de bonheur pour cette nouvelle ann\u00e9e. ...                                    <\/p>\n\n\n                               <\/div>\n                                <div class=\"entry-footer-\" >\n                                                                           <div class=\"colupdate-md-12 colupdate-lg-12 colupdate-xs-12\">\n                                            <a href=\"https:\/\/www.interway.fr\/en\/bonne-annee-2022\/\" class=\"rmore\">\n                                                En savoir plus&nbsp;<i class=\"fa fa-angle-double-right\"><\/i><\/a>\n                                        <\/div>\n                                                                   <\/div>\n\n                          <\/div>\n\n                              \n                              <div class=\"item___ psc_grid69f2505373017\">\n                                  <img loading=\"lazy\" decoding=\"async\" class=\"group list-group-image\" src=\"https:\/\/www.interway.fr\/wp-content\/uploads\/psc_post_slider_carousel\/3703_Image-actu-Interway-PRW-et-MPV-2021_218_388.jpg\" width=\"300\" height=\"169\"  alt=\"\"\/>\n                          \n                                  <div class=\"group inner list-groupupdate-item-heading\"><a href=\"https:\/\/www.interway.fr\/en\/salons-paris-retail-week-et-marketing-point-de-vente-2021\/\">Salons Paris Retail Week et Marketing Point de Vente 2021<\/a><\/div>\n                                <div class=\"caption\">\n\n                                    <ul class=\"pmeta\">\n                                        <li class=\"time\"> \n\n                                            <span><i class=\"fa fa-calendar pmetaicon\"><\/i>  19\/10\/2021&nbsp;&nbsp;<\/span>\n                                            <span><i class=\"fa fa-user pmetaicon\"><\/i> interway&nbsp;&nbsp;<\/span>\n                                            <span><i class=\"fa fa-comment pmetaicon\"><\/i>&nbsp; 0<\/span>\n                                        <\/li>\n                                    <\/ul>\n                                    <p class=\"group inner list-groupupdate-item-text\" >\n                                        Salons Paris Retail Week et Marketing Point de Vente 2021 \u00a0 Interway et InStore Solution vous ont accueilli sur les ...                                    <\/p>\n\n\n                               <\/div>\n                                <div class=\"entry-footer-\" >\n                                                                           <div class=\"colupdate-md-12 colupdate-lg-12 colupdate-xs-12\">\n                                            <a href=\"https:\/\/www.interway.fr\/en\/salons-paris-retail-week-et-marketing-point-de-vente-2021\/\" class=\"rmore\">\n                                                En savoir plus&nbsp;<i class=\"fa fa-angle-double-right\"><\/i><\/a>\n                                        <\/div>\n                                                                   <\/div>\n\n                          <\/div>\n\n                              \n                              <div class=\"item___ psc_grid69f2505373017\">\n                                  <img loading=\"lazy\" decoding=\"async\" class=\"group list-group-image\" src=\"https:\/\/www.interway.fr\/wp-content\/uploads\/psc_post_slider_carousel\/3676_Image-actu-Interway-MPV2021_218_388.jpg\" width=\"300\" height=\"169\"  alt=\"\"\/>\n                          \n                                  <div class=\"group inner list-groupupdate-item-heading\"><a href=\"https:\/\/www.interway.fr\/en\/groupe-interway-au-salon-mpv-2021\/\">Groupe Interway au salon MPV 2021<\/a><\/div>\n                                <div class=\"caption\">\n\n                                    <ul class=\"pmeta\">\n                                        <li class=\"time\"> \n\n                                            <span><i class=\"fa fa-calendar pmetaicon\"><\/i>  04\/10\/2021&nbsp;&nbsp;<\/span>\n                                            <span><i class=\"fa fa-user pmetaicon\"><\/i> interway&nbsp;&nbsp;<\/span>\n                                            <span><i class=\"fa fa-comment pmetaicon\"><\/i>&nbsp; 0<\/span>\n                                        <\/li>\n                                    <\/ul>\n                                    <p class=\"group inner list-groupupdate-item-text\" >\n                                        Salon Marketing et points de vente5-6-7 oct. 21 \u00a0 Interway et InStore Solution vous accueilleront sur le stand B81 lors ...                                    <\/p>\n\n\n                               <\/div>\n                                <div class=\"entry-footer-\" >\n                                                                           <div class=\"colupdate-md-12 colupdate-lg-12 colupdate-xs-12\">\n                                            <a href=\"https:\/\/www.interway.fr\/en\/groupe-interway-au-salon-mpv-2021\/\" class=\"rmore\">\n                                                En savoir plus&nbsp;<i class=\"fa fa-angle-double-right\"><\/i><\/a>\n                                        <\/div>\n                                                                   <\/div>\n\n                          <\/div>\n\n                              \n                              <div class=\"item___ psc_grid69f2505373017\">\n                                  <img loading=\"lazy\" decoding=\"async\" class=\"group list-group-image\" src=\"https:\/\/www.interway.fr\/wp-content\/uploads\/psc_post_slider_carousel\/3629_Image-actu-Interway-PRW-2021_218_388.jpg\" width=\"300\" height=\"169\"  alt=\"\"\/>\n                          \n                                  <div class=\"group inner list-groupupdate-item-heading\"><a href=\"https:\/\/www.interway.fr\/en\/groupe-interway-a-la-paris-retail-week-2021\/\">Groupe Interway \u00e0 la Paris Retail Week 2021<\/a><\/div>\n                                <div class=\"caption\">\n\n                                    <ul class=\"pmeta\">\n                                        <li class=\"time\"> \n\n                                            <span><i class=\"fa fa-calendar pmetaicon\"><\/i>  02\/09\/2021&nbsp;&nbsp;<\/span>\n                                            <span><i class=\"fa fa-user pmetaicon\"><\/i> interway&nbsp;&nbsp;<\/span>\n                                            <span><i class=\"fa fa-comment pmetaicon\"><\/i>&nbsp; 0<\/span>\n                                        <\/li>\n                                    <\/ul>\n                                    <p class=\"group inner list-groupupdate-item-text\" >\n                                        Salon Paris Retail Week28-29-30 sept. 21 \u00a0 Interway et InStore Solution vous accueilleront sur le stand P016 lors de la ...                                    <\/p>\n\n\n                               <\/div>\n                                <div class=\"entry-footer-\" >\n                                                                           <div class=\"colupdate-md-12 colupdate-lg-12 colupdate-xs-12\">\n                                            <a href=\"https:\/\/www.interway.fr\/en\/groupe-interway-a-la-paris-retail-week-2021\/\" class=\"rmore\">\n                                                En savoir plus&nbsp;<i class=\"fa fa-angle-double-right\"><\/i><\/a>\n                                        <\/div>\n                                                                   <\/div>\n\n                          <\/div>\n\n                              \n                              <div class=\"item___ psc_grid69f2505373017\">\n                                  <img loading=\"lazy\" decoding=\"async\" class=\"group list-group-image\" src=\"https:\/\/www.interway.fr\/wp-content\/uploads\/psc_post_slider_carousel\/3532_Image-actu-Interway-CP-GROUPE-INTERWAY-SOGETREL_218_388.jpg\" width=\"300\" height=\"169\"  alt=\"\"\/>\n                          \n                                  <div class=\"group inner list-groupupdate-item-heading\"><a href=\"https:\/\/www.interway.fr\/en\/groupe-interway-et-sogetrel-entrent-en-negociation-exclusive\/\">GROUPE INTERWAY et SOGETREL entrent en n\u00e9gociation exclusive<\/a><\/div>\n                                <div class=\"caption\">\n\n                                    <ul class=\"pmeta\">\n                                        <li class=\"time\"> \n\n                                            <span><i class=\"fa fa-calendar pmetaicon\"><\/i>  15\/07\/2021&nbsp;&nbsp;<\/span>\n                                            <span><i class=\"fa fa-user pmetaicon\"><\/i> interway&nbsp;&nbsp;<\/span>\n                                            <span><i class=\"fa fa-comment pmetaicon\"><\/i>&nbsp; 0<\/span>\n                                        <\/li>\n                                    <\/ul>\n                                    <p class=\"group inner list-groupupdate-item-text\" >\n                                        GROUPE INTERWAY et SOGETREL entrent en n\u00e9gociation exclusive \u00a0 Groupe interway et sogetrel entrent en n\u00e9gociation exclusive en vue de ...                                    <\/p>\n\n\n                               <\/div>\n                                <div class=\"entry-footer-\" >\n                                                                           <div class=\"colupdate-md-12 colupdate-lg-12 colupdate-xs-12\">\n                                            <a href=\"https:\/\/www.interway.fr\/en\/groupe-interway-et-sogetrel-entrent-en-negociation-exclusive\/\" class=\"rmore\">\n                                                En savoir plus&nbsp;<i class=\"fa fa-angle-double-right\"><\/i><\/a>\n                                        <\/div>\n                                                                   <\/div>\n\n                          <\/div>\n\n                              \n                              <div class=\"item___ psc_grid69f2505373017\">\n                                  <img loading=\"lazy\" decoding=\"async\" class=\"group list-group-image\" src=\"https:\/\/www.interway.fr\/wp-content\/uploads\/psc_post_slider_carousel\/3483_Image-actu-Interway-hypromat_218_388.jpg\" width=\"300\" height=\"169\"  alt=\"\"\/>\n                          \n                                  <div class=\"group inner list-groupupdate-item-heading\"><a href=\"https:\/\/www.interway.fr\/en\/parcours-sans-contact-hypromat-by-interway\/\">Parcours sans contact Hypromat by Interway<\/a><\/div>\n                                <div class=\"caption\">\n\n                                    <ul class=\"pmeta\">\n                                        <li class=\"time\"> \n\n                                            <span><i class=\"fa fa-calendar pmetaicon\"><\/i>  02\/07\/2021&nbsp;&nbsp;<\/span>\n                                            <span><i class=\"fa fa-user pmetaicon\"><\/i> interway&nbsp;&nbsp;<\/span>\n                                            <span><i class=\"fa fa-comment pmetaicon\"><\/i>&nbsp; 0<\/span>\n                                        <\/li>\n                                    <\/ul>\n                                    <p class=\"group inner list-groupupdate-item-text\" >\n                                        Parcours sans contactHypromat by Interway Interview du Groupe Hypromat pour la marque \u00e9l\u00e9phant bleu parcours sans contact Solen Eckl\u00e9 Responsable ...                                    <\/p>\n\n\n                               <\/div>\n                                <div class=\"entry-footer-\" >\n                                                                           <div class=\"colupdate-md-12 colupdate-lg-12 colupdate-xs-12\">\n                                            <a href=\"https:\/\/www.interway.fr\/en\/parcours-sans-contact-hypromat-by-interway\/\" class=\"rmore\">\n                                                En savoir plus&nbsp;<i class=\"fa fa-angle-double-right\"><\/i><\/a>\n                                        <\/div>\n                                                                   <\/div>\n\n                          <\/div>\n\n                              \n                              <div class=\"item___ psc_grid69f2505373017\">\n                                  <img loading=\"lazy\" decoding=\"async\" class=\"group list-group-image\" src=\"https:\/\/www.interway.fr\/wp-content\/uploads\/psc_post_slider_carousel\/3352_Image-actu-Interway-Le-Figaro_218_388.jpg\" width=\"300\" height=\"169\"  alt=\"\"\/>\n                          \n                                  <div class=\"group inner list-groupupdate-item-heading\"><a href=\"https:\/\/www.interway.fr\/en\/groupe-interway-dans-le-figaro\/\">Groupe Interway dans Le Figaro<\/a><\/div>\n                                <div class=\"caption\">\n\n                                    <ul class=\"pmeta\">\n                                        <li class=\"time\"> \n\n                                            <span><i class=\"fa fa-calendar pmetaicon\"><\/i>  18\/06\/2021&nbsp;&nbsp;<\/span>\n                                            <span><i class=\"fa fa-user pmetaicon\"><\/i> interway&nbsp;&nbsp;<\/span>\n                                            <span><i class=\"fa fa-comment pmetaicon\"><\/i>&nbsp; 0<\/span>\n                                        <\/li>\n                                    <\/ul>\n                                    <p class=\"group inner list-groupupdate-item-text\" >\n                                        Groupe Interwaydans le Figaro Groupe Interway interview\u00e9 en tant que sp\u00e9cialiste de la transformation digitale dans le Figaro Eric Jotti, ...                                    <\/p>\n\n\n                               <\/div>\n                                <div class=\"entry-footer-\" >\n                                                                           <div class=\"colupdate-md-12 colupdate-lg-12 colupdate-xs-12\">\n                                            <a href=\"https:\/\/www.interway.fr\/en\/groupe-interway-dans-le-figaro\/\" class=\"rmore\">\n                                                En savoir plus&nbsp;<i class=\"fa fa-angle-double-right\"><\/i><\/a>\n                                        <\/div>\n                                                                   <\/div>\n\n                          <\/div>\n\n                              \n                              <div class=\"item___ psc_grid69f2505373017\">\n                                  <img loading=\"lazy\" decoding=\"async\" class=\"group list-group-image\" src=\"https:\/\/www.interway.fr\/wp-content\/uploads\/psc_post_slider_carousel\/3257_Image-actualites-NOUVEAU-site-Internet_218_388.jpg\" width=\"300\" height=\"169\"  alt=\"\"\/>\n                          \n                                  <div class=\"group inner list-groupupdate-item-heading\"><a href=\"https:\/\/www.interway.fr\/en\/locker-robotise-multiservices-by-groupe-interway\/\">Vid\u00e9o solution Locker Robotis\u00e9<\/a><\/div>\n                                <div class=\"caption\">\n\n                                    <ul class=\"pmeta\">\n                                        <li class=\"time\"> \n\n                                            <span><i class=\"fa fa-calendar pmetaicon\"><\/i>  14\/01\/2021&nbsp;&nbsp;<\/span>\n                                            <span><i class=\"fa fa-user pmetaicon\"><\/i> interway&nbsp;&nbsp;<\/span>\n                                            <span><i class=\"fa fa-comment pmetaicon\"><\/i>&nbsp; 0<\/span>\n                                        <\/li>\n                                    <\/ul>\n                                    <p class=\"group inner list-groupupdate-item-text\" >\n                                        Lockers Robotis\u00e9sby Groupe Interway Locker robotis\u00e9 Multiservices &#8211; Clic &amp; collect \/ Consigne Les modes de distributions omnicanaux, notamment le ...                                    <\/p>\n\n\n                               <\/div>\n                                <div class=\"entry-footer-\" >\n                                                                           <div class=\"colupdate-md-12 colupdate-lg-12 colupdate-xs-12\">\n                                            <a href=\"https:\/\/www.interway.fr\/en\/locker-robotise-multiservices-by-groupe-interway\/\" class=\"rmore\">\n                                                En savoir plus&nbsp;<i class=\"fa fa-angle-double-right\"><\/i><\/a>\n                                        <\/div>\n                                                                   <\/div>\n\n                          <\/div>\n\n                              \n                              <div class=\"item___ psc_grid69f2505373017\">\n                                  <img loading=\"lazy\" decoding=\"async\" class=\"group list-group-image\" src=\"https:\/\/www.interway.fr\/wp-content\/uploads\/psc_post_slider_carousel\/3236_Image-actu-Interway-bonne-annee-2021_218_388.jpg\" width=\"300\" height=\"169\"  alt=\"\"\/>\n                          \n                                  <div class=\"group inner list-groupupdate-item-heading\"><a href=\"https:\/\/www.interway.fr\/en\/groupe-interway-vous-souhaite-une-excellente-annee-2021%e2%9c%a8\/\">Bonne ann\u00e9e 2021<\/a><\/div>\n                                <div class=\"caption\">\n\n                                    <ul class=\"pmeta\">\n                                        <li class=\"time\"> \n\n                                            <span><i class=\"fa fa-calendar pmetaicon\"><\/i>  05\/01\/2021&nbsp;&nbsp;<\/span>\n                                            <span><i class=\"fa fa-user pmetaicon\"><\/i> interway&nbsp;&nbsp;<\/span>\n                                            <span><i class=\"fa fa-comment pmetaicon\"><\/i>&nbsp; 0<\/span>\n                                        <\/li>\n                                    <\/ul>\n                                    <p class=\"group inner list-groupupdate-item-text\" >\n                                        Bonne ann\u00e9e 2021 Toute l\u2019\u00e9quipe Groupe Interway vous souhaite une excellente ann\u00e9e 2021&#x2728;! Pleine d\u2019\u00e9nergie, d\u2019innovations et de beaux projets.#groupeinterway ...                                    <\/p>\n\n\n                               <\/div>\n                                <div class=\"entry-footer-\" >\n                                                                           <div class=\"colupdate-md-12 colupdate-lg-12 colupdate-xs-12\">\n                                            <a href=\"https:\/\/www.interway.fr\/en\/groupe-interway-vous-souhaite-une-excellente-annee-2021%e2%9c%a8\/\" class=\"rmore\">\n                                                En savoir plus&nbsp;<i class=\"fa fa-angle-double-right\"><\/i><\/a>\n                                        <\/div>\n                                                                   <\/div>\n\n                          <\/div>\n\n                              \n                              <div class=\"item___ psc_grid69f2505373017\">\n                                  <img loading=\"lazy\" decoding=\"async\" class=\"group list-group-image\" src=\"https:\/\/www.interway.fr\/wp-content\/uploads\/psc_post_slider_carousel\/3182_Image-actu-Interway-Video-parcours-Phygital-by-Groupe-Interway_218_388.jpg\" width=\"300\" height=\"169\"  alt=\"\"\/>\n                          \n                                  <div class=\"group inner list-groupupdate-item-heading\"><a href=\"https:\/\/www.interway.fr\/en\/videos-parcours-client-phygital-by-groupe-interway\/\">Vid\u00e9os Parcours client Phygital by Groupe Interway<\/a><\/div>\n                                <div class=\"caption\">\n\n                                    <ul class=\"pmeta\">\n                                        <li class=\"time\"> \n\n                                            <span><i class=\"fa fa-calendar pmetaicon\"><\/i>  14\/12\/2020&nbsp;&nbsp;<\/span>\n                                            <span><i class=\"fa fa-user pmetaicon\"><\/i> interway&nbsp;&nbsp;<\/span>\n                                            <span><i class=\"fa fa-comment pmetaicon\"><\/i>&nbsp; 0<\/span>\n                                        <\/li>\n                                    <\/ul>\n                                    <p class=\"group inner list-groupupdate-item-text\" >\n                                        Parcours client Phygital by Groupe Interway S\u00e9quence 1\/2 L\u2019\u00e9cosyst\u00e8me du\u00a0Groupe INTERWAY\u00a0reposant sur ses fondamentaux en mati\u00e8re de conseil, expertise et ...                                    <\/p>\n\n\n                               <\/div>\n                                <div class=\"entry-footer-\" >\n                                                                           <div class=\"colupdate-md-12 colupdate-lg-12 colupdate-xs-12\">\n                                            <a href=\"https:\/\/www.interway.fr\/en\/videos-parcours-client-phygital-by-groupe-interway\/\" class=\"rmore\">\n                                                En savoir plus&nbsp;<i class=\"fa fa-angle-double-right\"><\/i><\/a>\n                                        <\/div>\n                                                                   <\/div>\n\n                          <\/div>\n\n                              \n                              <div class=\"item___ psc_grid69f2505373017\">\n                                  <img loading=\"lazy\" decoding=\"async\" class=\"group list-group-image\" src=\"https:\/\/www.interway.fr\/wp-content\/uploads\/psc_post_slider_carousel\/3151_Image-actu-Interway-Video-SD-WAN-Interway-Commentee_218_388.jpg\" width=\"300\" height=\"169\"  alt=\"\"\/>\n                          \n                                  <div class=\"group inner list-groupupdate-item-heading\"><a href=\"https:\/\/www.interway.fr\/en\/video-sd-wan-by-interway\/\">Vid\u00e9o SD-WAN by Interway<\/a><\/div>\n                                <div class=\"caption\">\n\n                                    <ul class=\"pmeta\">\n                                        <li class=\"time\"> \n\n                                            <span><i class=\"fa fa-calendar pmetaicon\"><\/i>  07\/12\/2020&nbsp;&nbsp;<\/span>\n                                            <span><i class=\"fa fa-user pmetaicon\"><\/i> interway&nbsp;&nbsp;<\/span>\n                                            <span><i class=\"fa fa-comment pmetaicon\"><\/i>&nbsp; 0<\/span>\n                                        <\/li>\n                                    <\/ul>\n                                    <p class=\"group inner list-groupupdate-item-text\" >\n                                        Vid\u00e9o SD-WAN by Interway Vid\u00e9o SD-WAN by Interway : Le SD-WAN au service de vos usages Interway, filiale de Groupe ...                                    <\/p>\n\n\n                               <\/div>\n                                <div class=\"entry-footer-\" >\n                                                                           <div class=\"colupdate-md-12 colupdate-lg-12 colupdate-xs-12\">\n                                            <a href=\"https:\/\/www.interway.fr\/en\/video-sd-wan-by-interway\/\" class=\"rmore\">\n                                                En savoir plus&nbsp;<i class=\"fa fa-angle-double-right\"><\/i><\/a>\n                                        <\/div>\n                                                                   <\/div>\n\n                          <\/div>\n\n                              \n                              <div class=\"item___ psc_grid69f2505373017\">\n                                  <img loading=\"lazy\" decoding=\"async\" class=\"group list-group-image\" src=\"https:\/\/www.interway.fr\/wp-content\/uploads\/psc_post_slider_carousel\/3082_Image-actualites-NOUVEAU-site-Internet-ODEOLIS_218_388.jpg\" width=\"300\" height=\"169\"  alt=\"\"\/>\n                          \n                                  <div class=\"group inner list-groupupdate-item-heading\"><a href=\"https:\/\/www.interway.fr\/en\/interway-reprend-les-actifs-dodeolis\/\">Interway reprend les actifs d&rsquo;Od\u00e9olis<\/a><\/div>\n                                <div class=\"caption\">\n\n                                    <ul class=\"pmeta\">\n                                        <li class=\"time\"> \n\n                                            <span><i class=\"fa fa-calendar pmetaicon\"><\/i>  28\/10\/2020&nbsp;&nbsp;<\/span>\n                                            <span><i class=\"fa fa-user pmetaicon\"><\/i> interway&nbsp;&nbsp;<\/span>\n                                            <span><i class=\"fa fa-comment pmetaicon\"><\/i>&nbsp; 0<\/span>\n                                        <\/li>\n                                    <\/ul>\n                                    <p class=\"group inner list-groupupdate-item-text\" >\n                                        Interway reprend les actifs d&rsquo;Od\u00e9olis Interview de Mr Patrick BenoitPr\u00e9sident de Groupe Interway UNE OP\u00c9RATION STRAT\u00c9GIQUE, DES AMBITIONS AFFICH\u00c9ES : ...                                    <\/p>\n\n\n                               <\/div>\n                                <div class=\"entry-footer-\" >\n                                                                           <div class=\"colupdate-md-12 colupdate-lg-12 colupdate-xs-12\">\n                                            <a href=\"https:\/\/www.interway.fr\/en\/interway-reprend-les-actifs-dodeolis\/\" class=\"rmore\">\n                                                En savoir plus&nbsp;<i class=\"fa fa-angle-double-right\"><\/i><\/a>\n                                        <\/div>\n                                                                   <\/div>\n\n                          <\/div>\n\n                              \n                              <div class=\"item___ psc_grid69f2505373017\">\n                                  <img loading=\"lazy\" decoding=\"async\" class=\"group list-group-image\" src=\"https:\/\/www.interway.fr\/wp-content\/uploads\/psc_post_slider_carousel\/2980_Image-actu-Interway-Cas-client-McDonalds-SD-WAN-by-Interway_218_388.jpg\" width=\"300\" height=\"169\"  alt=\"\"\/>\n                          \n                                  <div class=\"group inner list-groupupdate-item-heading\"><a href=\"https:\/\/www.interway.fr\/en\/sd-wan-mcdonalds-by-interway\/\">SD-WAN McDonald&rsquo;s by Interway<\/a><\/div>\n                                <div class=\"caption\">\n\n                                    <ul class=\"pmeta\">\n                                        <li class=\"time\"> \n\n                                            <span><i class=\"fa fa-calendar pmetaicon\"><\/i>  13\/10\/2020&nbsp;&nbsp;<\/span>\n                                            <span><i class=\"fa fa-user pmetaicon\"><\/i> interway&nbsp;&nbsp;<\/span>\n                                            <span><i class=\"fa fa-comment pmetaicon\"><\/i>&nbsp; 0<\/span>\n                                        <\/li>\n                                    <\/ul>\n                                    <p class=\"group inner list-groupupdate-item-text\" >\n                                        SD-WAN McDonald&rsquo;s by Interway Interview de Mr Jean-Bernard SizaretManager Global TechnologyMcDonald&rsquo;s France Projet : mise en place du SD-WAN pour ...                                    <\/p>\n\n\n                               <\/div>\n                                <div class=\"entry-footer-\" >\n                                                                           <div class=\"colupdate-md-12 colupdate-lg-12 colupdate-xs-12\">\n                                            <a href=\"https:\/\/www.interway.fr\/en\/sd-wan-mcdonalds-by-interway\/\" class=\"rmore\">\n                                                En savoir plus&nbsp;<i class=\"fa fa-angle-double-right\"><\/i><\/a>\n                                        <\/div>\n                                                                   <\/div>\n\n                          <\/div>\n\n                              \n                              <div class=\"item___ psc_grid69f2505373017\">\n                                  <img loading=\"lazy\" decoding=\"async\" class=\"group list-group-image\" src=\"https:\/\/www.interway.fr\/wp-content\/uploads\/psc_post_slider_carousel\/2890_Image-actu-Interway-PRW-2020_218_388.jpg\" width=\"300\" height=\"169\"  alt=\"\"\/>\n                          \n                                  <div class=\"group inner list-groupupdate-item-heading\"><a href=\"https:\/\/www.interway.fr\/en\/report-salon-paris-retail-week-2020\/\">REPORT salon Paris Retail Week 2020<\/a><\/div>\n                                <div class=\"caption\">\n\n                                    <ul class=\"pmeta\">\n                                        <li class=\"time\"> \n\n                                            <span><i class=\"fa fa-calendar pmetaicon\"><\/i>  26\/08\/2020&nbsp;&nbsp;<\/span>\n                                            <span><i class=\"fa fa-user pmetaicon\"><\/i> interway&nbsp;&nbsp;<\/span>\n                                            <span><i class=\"fa fa-comment pmetaicon\"><\/i>&nbsp; 0<\/span>\n                                        <\/li>\n                                    <\/ul>\n                                    <p class=\"group inner list-groupupdate-item-text\" >\n                                        REPORT Paris Retail Week 2020 Nouvelles dates 28, 29 et 30 septembre 2021 L\u2019\u00e9quipe de Paris Retail Week est rest\u00e9e ...                                    <\/p>\n\n\n                               <\/div>\n                                <div class=\"entry-footer-\" >\n                                                                           <div class=\"colupdate-md-12 colupdate-lg-12 colupdate-xs-12\">\n                                            <a href=\"https:\/\/www.interway.fr\/en\/report-salon-paris-retail-week-2020\/\" class=\"rmore\">\n                                                En savoir plus&nbsp;<i class=\"fa fa-angle-double-right\"><\/i><\/a>\n                                        <\/div>\n                                                                   <\/div>\n\n                          <\/div>\n\n                              \n                              <div class=\"item___ psc_grid69f2505373017\">\n                                  <img loading=\"lazy\" decoding=\"async\" class=\"group list-group-image\" src=\"https:\/\/www.interway.fr\/wp-content\/uploads\/psc_post_slider_carousel\/2745_Image-actualit\u00e9s-adh\u00e9sion-mercatel_218_388.jpg\" width=\"300\" height=\"169\"  alt=\"\"\/>\n                          \n                                  <div class=\"group inner list-groupupdate-item-heading\"><a href=\"https:\/\/www.interway.fr\/en\/groupe-interway-rejoint-le-mercatel\/\">Groupe Interway rejoint le MERCATEL<\/a><\/div>\n                                <div class=\"caption\">\n\n                                    <ul class=\"pmeta\">\n                                        <li class=\"time\"> \n\n                                            <span><i class=\"fa fa-calendar pmetaicon\"><\/i>  09\/06\/2020&nbsp;&nbsp;<\/span>\n                                            <span><i class=\"fa fa-user pmetaicon\"><\/i> interway&nbsp;&nbsp;<\/span>\n                                            <span><i class=\"fa fa-comment pmetaicon\"><\/i>&nbsp; 0<\/span>\n                                        <\/li>\n                                    <\/ul>\n                                    <p class=\"group inner list-groupupdate-item-text\" >\n                                        Groupe Interway adh\u00e8re au MERCATEL Cr\u00e9\u00e9 en 1986 par les entreprises du commerce et de la distribution, MERCATEL est un ...                                    <\/p>\n\n\n                               <\/div>\n                                <div class=\"entry-footer-\" >\n                                                                           <div class=\"colupdate-md-12 colupdate-lg-12 colupdate-xs-12\">\n                                            <a href=\"https:\/\/www.interway.fr\/en\/groupe-interway-rejoint-le-mercatel\/\" class=\"rmore\">\n                                                En savoir plus&nbsp;<i class=\"fa fa-angle-double-right\"><\/i><\/a>\n                                        <\/div>\n                                                                   <\/div>\n\n                          <\/div>\n\n                              \n                              <div class=\"item___ psc_grid69f2505373017\">\n                                  <img loading=\"lazy\" decoding=\"async\" class=\"group list-group-image\" src=\"https:\/\/www.interway.fr\/wp-content\/uploads\/psc_post_slider_carousel\/2823_Image-garde-page-Masques-COVID19_218_388.jpg\" width=\"300\" height=\"169\"  alt=\"\"\/>\n                          \n                                  <div class=\"group inner list-groupupdate-item-heading\"><a href=\"https:\/\/www.interway.fr\/en\/tous-les-sites-du-groupe-interway-reprennent-vie\/\">Tous les sites du Groupe Interway reprennent vie !<\/a><\/div>\n                                <div class=\"caption\">\n\n                                    <ul class=\"pmeta\">\n                                        <li class=\"time\"> \n\n                                            <span><i class=\"fa fa-calendar pmetaicon\"><\/i>  02\/06\/2020&nbsp;&nbsp;<\/span>\n                                            <span><i class=\"fa fa-user pmetaicon\"><\/i> interway&nbsp;&nbsp;<\/span>\n                                            <span><i class=\"fa fa-comment pmetaicon\"><\/i>&nbsp; 0<\/span>\n                                        <\/li>\n                                    <\/ul>\n                                    <p class=\"group inner list-groupupdate-item-text\" >\n                                        Tous les sites du Groupe Interway reprennent vie ! Nous avons, depuis le 11 mai, pr\u00e9par\u00e9 l\u2019ensemble de nos locaux ...                                    <\/p>\n\n\n                               <\/div>\n                                <div class=\"entry-footer-\" >\n                                                                           <div class=\"colupdate-md-12 colupdate-lg-12 colupdate-xs-12\">\n                                            <a href=\"https:\/\/www.interway.fr\/en\/tous-les-sites-du-groupe-interway-reprennent-vie\/\" class=\"rmore\">\n                                                En savoir plus&nbsp;<i class=\"fa fa-angle-double-right\"><\/i><\/a>\n                                        <\/div>\n                                                                   <\/div>\n\n                          <\/div>\n\n                              \n                              <div class=\"item___ psc_grid69f2505373017\">\n                                  <img loading=\"lazy\" decoding=\"async\" class=\"group list-group-image\" src=\"https:\/\/www.interway.fr\/wp-content\/uploads\/psc_post_slider_carousel\/2813_Image-actualit\u00e9s-avantages-SD-WAN_218_388.jpg\" width=\"300\" height=\"169\"  alt=\"\"\/>\n                          \n                                  <div class=\"group inner list-groupupdate-item-heading\"><a href=\"https:\/\/www.interway.fr\/en\/avantages-sd-wan-interway\/\">Avantages SD-WAN Interway<\/a><\/div>\n                                <div class=\"caption\">\n\n                                    <ul class=\"pmeta\">\n                                        <li class=\"time\"> \n\n                                            <span><i class=\"fa fa-calendar pmetaicon\"><\/i>  20\/05\/2020&nbsp;&nbsp;<\/span>\n                                            <span><i class=\"fa fa-user pmetaicon\"><\/i> interway&nbsp;&nbsp;<\/span>\n                                            <span><i class=\"fa fa-comment pmetaicon\"><\/i>&nbsp; 0<\/span>\n                                        <\/li>\n                                    <\/ul>\n                                    <p class=\"group inner list-groupupdate-item-text\" >\n                                        Avantages SD-WAN Interway Les \u00e9v\u00e9nements actuels d\u00e9montrent l\u2019importance d\u2019avoir un r\u00e9seau performant et agile pour s\u2019adapter \u00e0 l\u2019essor du t\u00e9l\u00e9travail ...                                    <\/p>\n\n\n                               <\/div>\n                                <div class=\"entry-footer-\" >\n                                                                           <div class=\"colupdate-md-12 colupdate-lg-12 colupdate-xs-12\">\n                                            <a href=\"https:\/\/www.interway.fr\/en\/avantages-sd-wan-interway\/\" class=\"rmore\">\n                                                En savoir plus&nbsp;<i class=\"fa fa-angle-double-right\"><\/i><\/a>\n                                        <\/div>\n                                                                   <\/div>\n\n                          <\/div>\n\n                              \n                              <div class=\"item___ psc_grid69f2505373017\">\n                                  <img loading=\"lazy\" decoding=\"async\" class=\"group list-group-image\" src=\"https:\/\/www.interway.fr\/wp-content\/uploads\/psc_post_slider_carousel\/2805_Image-actu-Interway-Mesures-COVID19_218_388.jpg\" width=\"300\" height=\"169\"  alt=\"\"\/>\n                          \n                                  <div class=\"group inner list-groupupdate-item-heading\"><a href=\"https:\/\/www.interway.fr\/en\/mesures-contre-le-covid-19\/\">Mesures contre le COVID 19<\/a><\/div>\n                                <div class=\"caption\">\n\n                                    <ul class=\"pmeta\">\n                                        <li class=\"time\"> \n\n                                            <span><i class=\"fa fa-calendar pmetaicon\"><\/i>  16\/03\/2020&nbsp;&nbsp;<\/span>\n                                            <span><i class=\"fa fa-user pmetaicon\"><\/i> interway&nbsp;&nbsp;<\/span>\n                                            <span><i class=\"fa fa-comment pmetaicon\"><\/i>&nbsp; 0<\/span>\n                                        <\/li>\n                                    <\/ul>\n                                    <p class=\"group inner list-groupupdate-item-text\" >\n                                        Mesures contre leCOVID 19 En conformit\u00e9 avec les mesures de lutte contre la propagation du coronavirus #COVID19, nos services restent ...                                    <\/p>\n\n\n                               <\/div>\n                                <div class=\"entry-footer-\" >\n                                                                           <div class=\"colupdate-md-12 colupdate-lg-12 colupdate-xs-12\">\n                                            <a href=\"https:\/\/www.interway.fr\/en\/mesures-contre-le-covid-19\/\" class=\"rmore\">\n                                                En savoir plus&nbsp;<i class=\"fa fa-angle-double-right\"><\/i><\/a>\n                                        <\/div>\n                                                                   <\/div>\n\n                          <\/div>\n\n                              \n                              <div class=\"item___ psc_grid69f2505373017\">\n                                  <img loading=\"lazy\" decoding=\"async\" class=\"group list-group-image\" src=\"https:\/\/www.interway.fr\/wp-content\/uploads\/psc_post_slider_carousel\/2272_Image-actu-Interway-CDRT-2020_218_388.jpg\" width=\"300\" height=\"169\"  alt=\"\"\/>\n                          \n                                  <div class=\"group inner list-groupupdate-item-heading\"><a href=\"https:\/\/www.interway.fr\/en\/groupe-interway-rejoins-le-cdrt\/\">Groupe Interway rejoint le CDRT<\/a><\/div>\n                                <div class=\"caption\">\n\n                                    <ul class=\"pmeta\">\n                                        <li class=\"time\"> \n\n                                            <span><i class=\"fa fa-calendar pmetaicon\"><\/i>  19\/02\/2020&nbsp;&nbsp;<\/span>\n                                            <span><i class=\"fa fa-user pmetaicon\"><\/i> interway&nbsp;&nbsp;<\/span>\n                                            <span><i class=\"fa fa-comment pmetaicon\"><\/i>&nbsp; 0<\/span>\n                                        <\/li>\n                                    <\/ul>\n                                    <p class=\"group inner list-groupupdate-item-text\" >\n                                        Groupe Interway adh\u00e8re au CDRT Le CDRT (Club des Dirigeants R\u00e9seaux et T\u00e9l\u00e9coms) a pour but de r\u00e9unir\u00a0 les dirigeants ...                                    <\/p>\n\n\n                               <\/div>\n                                <div class=\"entry-footer-\" >\n                                                                           <div class=\"colupdate-md-12 colupdate-lg-12 colupdate-xs-12\">\n                                            <a href=\"https:\/\/www.interway.fr\/en\/groupe-interway-rejoins-le-cdrt\/\" class=\"rmore\">\n                                                En savoir plus&nbsp;<i class=\"fa fa-angle-double-right\"><\/i><\/a>\n                                        <\/div>\n                                                                   <\/div>\n\n                          <\/div>\n\n                              \n                              <div class=\"item___ psc_grid69f2505373017\">\n                                  <img loading=\"lazy\" decoding=\"async\" class=\"group list-group-image\" src=\"https:\/\/www.interway.fr\/wp-content\/uploads\/psc_post_slider_carousel\/2150_Image-actu-Interway-Wambrechies-2_218_388.jpg\" width=\"300\" height=\"169\"  alt=\"\"\/>\n                          \n                                  <div class=\"group inner list-groupupdate-item-heading\"><a href=\"https:\/\/www.interway.fr\/en\/extension-du-support-desk-interway-wambrechies-2\/\">Extension du support Desk Interway &#8211; Wambrechies 2<\/a><\/div>\n                                <div class=\"caption\">\n\n                                    <ul class=\"pmeta\">\n                                        <li class=\"time\"> \n\n                                            <span><i class=\"fa fa-calendar pmetaicon\"><\/i>  11\/02\/2020&nbsp;&nbsp;<\/span>\n                                            <span><i class=\"fa fa-user pmetaicon\"><\/i> interway&nbsp;&nbsp;<\/span>\n                                            <span><i class=\"fa fa-comment pmetaicon\"><\/i>&nbsp; 0<\/span>\n                                        <\/li>\n                                    <\/ul>\n                                    <p class=\"group inner list-groupupdate-item-text\" >\n                                        Nouveaux Locaux Wambrechies 2 &#8211; Extension du support Desk Interway Vid\u00e9o des nouveaux locaux Interway de Wambrechies, Extension du support ...                                    <\/p>\n\n\n                               <\/div>\n                                <div class=\"entry-footer-\" >\n                                                                           <div class=\"colupdate-md-12 colupdate-lg-12 colupdate-xs-12\">\n                                            <a href=\"https:\/\/www.interway.fr\/en\/extension-du-support-desk-interway-wambrechies-2\/\" class=\"rmore\">\n                                                En savoir plus&nbsp;<i class=\"fa fa-angle-double-right\"><\/i><\/a>\n                                        <\/div>\n                                                                   <\/div>\n\n                          <\/div>\n\n                              \n                              <div class=\"item___ psc_grid69f2505373017\">\n                                  <img loading=\"lazy\" decoding=\"async\" class=\"group list-group-image\" src=\"https:\/\/www.interway.fr\/wp-content\/uploads\/psc_post_slider_carousel\/1943_Image-actu-Interway-Groupe-Interway-bonne-annee-2020_218_388.jpg\" width=\"300\" height=\"169\"  alt=\"\"\/>\n                          \n                                  <div class=\"group inner list-groupupdate-item-heading\"><a href=\"https:\/\/www.interway.fr\/en\/interway-bonne-annee-2020\/\">Bonne ann\u00e9e 2020<\/a><\/div>\n                                <div class=\"caption\">\n\n                                    <ul class=\"pmeta\">\n                                        <li class=\"time\"> \n\n                                            <span><i class=\"fa fa-calendar pmetaicon\"><\/i>  06\/01\/2020&nbsp;&nbsp;<\/span>\n                                            <span><i class=\"fa fa-user pmetaicon\"><\/i> interway&nbsp;&nbsp;<\/span>\n                                            <span><i class=\"fa fa-comment pmetaicon\"><\/i>&nbsp; 0<\/span>\n                                        <\/li>\n                                    <\/ul>\n                                    <p class=\"group inner list-groupupdate-item-text\" >\n                                        Bonne ann\u00e9e 2020 Groupe Interway vous souhaite une bonne ann\u00e9e 2020, pleine d&rsquo;innovations et de succ\u00e8s....                                    <\/p>\n\n\n                               <\/div>\n                                <div class=\"entry-footer-\" >\n                                                                           <div class=\"colupdate-md-12 colupdate-lg-12 colupdate-xs-12\">\n                                            <a href=\"https:\/\/www.interway.fr\/en\/interway-bonne-annee-2020\/\" class=\"rmore\">\n                                                En savoir plus&nbsp;<i class=\"fa fa-angle-double-right\"><\/i><\/a>\n                                        <\/div>\n                                                                   <\/div>\n\n                          <\/div>\n\n                              \n                              <div class=\"item___ psc_grid69f2505373017\">\n                                  <img loading=\"lazy\" decoding=\"async\" class=\"group list-group-image\" src=\"https:\/\/www.interway.fr\/wp-content\/uploads\/psc_post_slider_carousel\/1758_Image-actu-Interway-Cabine-connect\u00e9e_218_388.jpg\" width=\"300\" height=\"169\"  alt=\"\"\/>\n                          \n                                  <div class=\"group inner list-groupupdate-item-heading\"><a href=\"https:\/\/www.interway.fr\/en\/solution-innovante-la-cabine-connectee\/\">Solution innovante: la Cabine Connect\u00e9e<\/a><\/div>\n                                <div class=\"caption\">\n\n                                    <ul class=\"pmeta\">\n                                        <li class=\"time\"> \n\n                                            <span><i class=\"fa fa-calendar pmetaicon\"><\/i>  17\/12\/2019&nbsp;&nbsp;<\/span>\n                                            <span><i class=\"fa fa-user pmetaicon\"><\/i> interway&nbsp;&nbsp;<\/span>\n                                            <span><i class=\"fa fa-comment pmetaicon\"><\/i>&nbsp; 0<\/span>\n                                        <\/li>\n                                    <\/ul>\n                                    <p class=\"group inner list-groupupdate-item-text\" >\n                                        Solution innovante et interactive : la Cabine Connect\u00e9e \u00a0 Voici le troisi\u00e8me \u00e9pisode de notre s\u00e9rie de vid\u00e9o pr\u00e9sentant les ...                                    <\/p>\n\n\n                               <\/div>\n                                <div class=\"entry-footer-\" >\n                                                                           <div class=\"colupdate-md-12 colupdate-lg-12 colupdate-xs-12\">\n                                            <a href=\"https:\/\/www.interway.fr\/en\/solution-innovante-la-cabine-connectee\/\" class=\"rmore\">\n                                                En savoir plus&nbsp;<i class=\"fa fa-angle-double-right\"><\/i><\/a>\n                                        <\/div>\n                                                                   <\/div>\n\n                          <\/div>\n\n                              \n                              <div class=\"item___ psc_grid69f2505373017\">\n                                  <img loading=\"lazy\" decoding=\"async\" class=\"group list-group-image\" src=\"https:\/\/www.interway.fr\/wp-content\/uploads\/psc_post_slider_carousel\/1682_Image-actu-Interway-Nouveau-Centre-Logistique-St-Priest-1_218_388.jpg\" width=\"300\" height=\"169\"  alt=\"\"\/>\n                          \n                                  <div class=\"group inner list-groupupdate-item-heading\"><a href=\"https:\/\/www.interway.fr\/en\/nouveau-centre-logistique-a-st-priest\/\">Nouveau centre logistique \u00e0 St Priest<\/a><\/div>\n                                <div class=\"caption\">\n\n                                    <ul class=\"pmeta\">\n                                        <li class=\"time\"> \n\n                                            <span><i class=\"fa fa-calendar pmetaicon\"><\/i>  12\/12\/2019&nbsp;&nbsp;<\/span>\n                                            <span><i class=\"fa fa-user pmetaicon\"><\/i> interway&nbsp;&nbsp;<\/span>\n                                            <span><i class=\"fa fa-comment pmetaicon\"><\/i>&nbsp; 0<\/span>\n                                        <\/li>\n                                    <\/ul>\n                                    <p class=\"group inner list-groupupdate-item-text\" >\n                                        Nouveau Centre Logistique \u00e0 St Priest Les locaux de notre logistique avaient pris feu au mois de juin 2019. Nous ...                                    <\/p>\n\n\n                               <\/div>\n                                <div class=\"entry-footer-\" >\n                                                                           <div class=\"colupdate-md-12 colupdate-lg-12 colupdate-xs-12\">\n                                            <a href=\"https:\/\/www.interway.fr\/en\/nouveau-centre-logistique-a-st-priest\/\" class=\"rmore\">\n                                                En savoir plus&nbsp;<i class=\"fa fa-angle-double-right\"><\/i><\/a>\n                                        <\/div>\n                                                                   <\/div>\n\n                          <\/div>\n\n                              \n                              <div class=\"item___ psc_grid69f2505373017\">\n                                  <img loading=\"lazy\" decoding=\"async\" class=\"group list-group-image\" src=\"https:\/\/www.interway.fr\/wp-content\/uploads\/psc_post_slider_carousel\/1669_Image-actu-Interway-Vid\u00e9o-PRW-2019_218_388.jpg\" width=\"300\" height=\"169\"  alt=\"\"\/>\n                          \n                                  <div class=\"group inner list-groupupdate-item-heading\"><a href=\"https:\/\/www.interway.fr\/en\/video-des-solutions-paris-retail-week-2019\/\">Vid\u00e9o des solutions Paris Retail Week 2019<\/a><\/div>\n                                <div class=\"caption\">\n\n                                    <ul class=\"pmeta\">\n                                        <li class=\"time\"> \n\n                                            <span><i class=\"fa fa-calendar pmetaicon\"><\/i>  26\/11\/2019&nbsp;&nbsp;<\/span>\n                                            <span><i class=\"fa fa-user pmetaicon\"><\/i> interway&nbsp;&nbsp;<\/span>\n                                            <span><i class=\"fa fa-comment pmetaicon\"><\/i>&nbsp; 0<\/span>\n                                        <\/li>\n                                    <\/ul>\n                                    <p class=\"group inner list-groupupdate-item-text\" >\n                                        Vid\u00e9o de pr\u00e9sentations des solutions Groupe Interway Groupe Interway propose des solutions technologiques innovantes pour digitaliser &amp; phygitaliser des points ...                                    <\/p>\n\n\n                               <\/div>\n                                <div class=\"entry-footer-\" >\n                                                                           <div class=\"colupdate-md-12 colupdate-lg-12 colupdate-xs-12\">\n                                            <a href=\"https:\/\/www.interway.fr\/en\/video-des-solutions-paris-retail-week-2019\/\" class=\"rmore\">\n                                                En savoir plus&nbsp;<i class=\"fa fa-angle-double-right\"><\/i><\/a>\n                                        <\/div>\n                                                                   <\/div>\n\n                          <\/div>\n\n                              \n                              <div class=\"item___ psc_grid69f2505373017\">\n                                  <img loading=\"lazy\" decoding=\"async\" class=\"group list-group-image\" src=\"https:\/\/www.interway.fr\/wp-content\/uploads\/psc_post_slider_carousel\/1655_Image-actu-Interway-Certification-RSE_218_388.jpg\" width=\"300\" height=\"169\"  alt=\"\"\/>\n                          \n                                  <div class=\"group inner list-groupupdate-item-heading\"><a href=\"https:\/\/www.interway.fr\/en\/medaille-dor-rse\/\">M\u00e9daille d&rsquo;Or RSE<\/a><\/div>\n                                <div class=\"caption\">\n\n                                    <ul class=\"pmeta\">\n                                        <li class=\"time\"> \n\n                                            <span><i class=\"fa fa-calendar pmetaicon\"><\/i>  21\/11\/2019&nbsp;&nbsp;<\/span>\n                                            <span><i class=\"fa fa-user pmetaicon\"><\/i> interway&nbsp;&nbsp;<\/span>\n                                            <span><i class=\"fa fa-comment pmetaicon\"><\/i>&nbsp; 0<\/span>\n                                        <\/li>\n                                    <\/ul>\n                                    <p class=\"group inner list-groupupdate-item-text\" >\n                                        Groupe Interway a obtenu la m\u00e9daille d\u2019Or pour sa performance RSE par Ecovadis La RSE (Responsabilit\u00e9 Sociale des Entreprises, ou ...                                    <\/p>\n\n\n                               <\/div>\n                                <div class=\"entry-footer-\" >\n                                                                           <div class=\"colupdate-md-12 colupdate-lg-12 colupdate-xs-12\">\n                                            <a href=\"https:\/\/www.interway.fr\/en\/medaille-dor-rse\/\" class=\"rmore\">\n                                                En savoir plus&nbsp;<i class=\"fa fa-angle-double-right\"><\/i><\/a>\n                                        <\/div>\n                                                                   <\/div>\n\n                          <\/div>\n\n                              \n                              <div class=\"item___ psc_grid69f2505373017\">\n                                  <img loading=\"lazy\" decoding=\"async\" class=\"group list-group-image\" src=\"https:\/\/www.interway.fr\/wp-content\/uploads\/psc_post_slider_carousel\/764_Image-actu-Interway-SD-WAN_218_388.jpg\" width=\"300\" height=\"169\"  alt=\"\"\/>\n                          \n                                  <div class=\"group inner list-groupupdate-item-heading\"><a href=\"https:\/\/www.interway.fr\/en\/solutions-sd-wan-interway\/\">Solutions SD-WAN Interway<\/a><\/div>\n                                <div class=\"caption\">\n\n                                    <ul class=\"pmeta\">\n                                        <li class=\"time\"> \n\n                                            <span><i class=\"fa fa-calendar pmetaicon\"><\/i>  22\/07\/2019&nbsp;&nbsp;<\/span>\n                                            <span><i class=\"fa fa-user pmetaicon\"><\/i> interway&nbsp;&nbsp;<\/span>\n                                            <span><i class=\"fa fa-comment pmetaicon\"><\/i>&nbsp; 0<\/span>\n                                        <\/li>\n                                    <\/ul>\n                                    <p class=\"group inner list-groupupdate-item-text\" >\n                                        Interway op\u00e8re depuis des ann\u00e9es des milliers de liens IPSEC hybrides intelligents et int\u00e8gre \u00e0 ses solutions WAN des fonctionnalit\u00e9s ...                                    <\/p>\n\n\n                               <\/div>\n                                <div class=\"entry-footer-\" >\n                                                                           <div class=\"colupdate-md-12 colupdate-lg-12 colupdate-xs-12\">\n                                            <a href=\"https:\/\/www.interway.fr\/en\/solutions-sd-wan-interway\/\" class=\"rmore\">\n                                                En savoir plus&nbsp;<i class=\"fa fa-angle-double-right\"><\/i><\/a>\n                                        <\/div>\n                                                                   <\/div>\n\n                          <\/div>\n\n                              \n                              <div class=\"item___ psc_grid69f2505373017\">\n                                  <img loading=\"lazy\" decoding=\"async\" class=\"group list-group-image\" src=\"https:\/\/www.interway.fr\/wp-content\/uploads\/psc_post_slider_carousel\/690_Image-actu-Interway-Paris-retail-week-2019_218_388.jpg\" width=\"300\" height=\"169\"  alt=\"\"\/>\n                          \n                                  <div class=\"group inner list-groupupdate-item-heading\"><a href=\"https:\/\/www.interway.fr\/en\/interway-sera-present-au-salon-digital-in-store-2019\/\">Paris Retail Week 2019<\/a><\/div>\n                                <div class=\"caption\">\n\n                                    <ul class=\"pmeta\">\n                                        <li class=\"time\"> \n\n                                            <span><i class=\"fa fa-calendar pmetaicon\"><\/i>  16\/07\/2019&nbsp;&nbsp;<\/span>\n                                            <span><i class=\"fa fa-user pmetaicon\"><\/i> interway&nbsp;&nbsp;<\/span>\n                                            <span><i class=\"fa fa-comment pmetaicon\"><\/i>&nbsp; 0<\/span>\n                                        <\/li>\n                                    <\/ul>\n                                    <p class=\"group inner list-groupupdate-item-text\" >\n                                        Interway sera pr\u00e9sent au Salon Digital  Store 2019 Interway sera pr\u00e9sent lors du salon Digital  Store de la ...                                    <\/p>\n\n\n                               <\/div>\n                                <div class=\"entry-footer-\" >\n                                                                           <div class=\"colupdate-md-12 colupdate-lg-12 colupdate-xs-12\">\n                                            <a href=\"https:\/\/www.interway.fr\/en\/interway-sera-present-au-salon-digital-in-store-2019\/\" class=\"rmore\">\n                                                En savoir plus&nbsp;<i class=\"fa fa-angle-double-right\"><\/i><\/a>\n                                        <\/div>\n                                                                   <\/div>\n\n                          <\/div>\n\n                              \n                              <div class=\"item___ psc_grid69f2505373017\">\n                                  <img loading=\"lazy\" decoding=\"async\" class=\"group list-group-image\" src=\"https:\/\/www.interway.fr\/wp-content\/uploads\/psc_post_slider_carousel\/781_Image-actu-Interway-Vid\u00e9o-Retail-Way-2019_218_388.jpg\" width=\"300\" height=\"169\"  alt=\"\"\/>\n                          \n                                  <div class=\"group inner list-groupupdate-item-heading\"><a href=\"https:\/\/www.interway.fr\/en\/video-retail-way-2019\/\">Vid\u00e9o Retail Way 2019<\/a><\/div>\n                                <div class=\"caption\">\n\n                                    <ul class=\"pmeta\">\n                                        <li class=\"time\"> \n\n                                            <span><i class=\"fa fa-calendar pmetaicon\"><\/i>  06\/05\/2019&nbsp;&nbsp;<\/span>\n                                            <span><i class=\"fa fa-user pmetaicon\"><\/i> interway&nbsp;&nbsp;<\/span>\n                                            <span><i class=\"fa fa-comment pmetaicon\"><\/i>&nbsp; 0<\/span>\n                                        <\/li>\n                                    <\/ul>\n                                    <p class=\"group inner list-groupupdate-item-text\" >\n                                        Vid\u00e9o Retail Way 2019 Lors de son tour de France Retail Way 2019, le Groupe Interway a cr\u00e9\u00e9 une vid\u00e9o ...                                    <\/p>\n\n\n                               <\/div>\n                                <div class=\"entry-footer-\" >\n                                                                           <div class=\"colupdate-md-12 colupdate-lg-12 colupdate-xs-12\">\n                                            <a href=\"https:\/\/www.interway.fr\/en\/video-retail-way-2019\/\" class=\"rmore\">\n                                                En savoir plus&nbsp;<i class=\"fa fa-angle-double-right\"><\/i><\/a>\n                                        <\/div>\n                                                                   <\/div>\n\n                          <\/div>\n\n                              \n                              <div class=\"item___ psc_grid69f2505373017\">\n                                  <img loading=\"lazy\" decoding=\"async\" class=\"group list-group-image\" src=\"https:\/\/www.interway.fr\/wp-content\/uploads\/psc_post_slider_carousel\/536_Image-actu-Interway-Retail-Way-2019_218_388.jpg\" width=\"300\" height=\"169\"  alt=\"\"\/>\n                          \n                                  <div class=\"group inner list-groupupdate-item-heading\"><a href=\"https:\/\/www.interway.fr\/en\/retail-way-2019\/\">Retail Way 2019<\/a><\/div>\n                                <div class=\"caption\">\n\n                                    <ul class=\"pmeta\">\n                                        <li class=\"time\"> \n\n                                            <span><i class=\"fa fa-calendar pmetaicon\"><\/i>  19\/04\/2019&nbsp;&nbsp;<\/span>\n                                            <span><i class=\"fa fa-user pmetaicon\"><\/i> interway&nbsp;&nbsp;<\/span>\n                                            <span><i class=\"fa fa-comment pmetaicon\"><\/i>&nbsp; 0<\/span>\n                                        <\/li>\n                                    <\/ul>\n                                    <p class=\"group inner list-groupupdate-item-text\" >\n                                        Retail WAY 20193 villes 3 dates Groupe Interway a le plaisir de vous convier \u00e0 une matin\u00e9e d\u00e9di\u00e9e au Phygital, ...                                    <\/p>\n\n\n                               <\/div>\n                                <div class=\"entry-footer-\" >\n                                                                           <div class=\"colupdate-md-12 colupdate-lg-12 colupdate-xs-12\">\n                                            <a href=\"https:\/\/www.interway.fr\/en\/retail-way-2019\/\" class=\"rmore\">\n                                                En savoir plus&nbsp;<i class=\"fa fa-angle-double-right\"><\/i><\/a>\n                                        <\/div>\n                                                                   <\/div>\n\n                          <\/div>\n\n                              \n                              <div class=\"item___ psc_grid69f2505373017\">\n                                  <img loading=\"lazy\" decoding=\"async\" class=\"group list-group-image\" src=\"https:\/\/www.interway.fr\/wp-content\/uploads\/psc_post_slider_carousel\/669_Image-actu-Interway-Groupe-Interway-acquiert-InStore-Solution_218_388.jpg\" width=\"300\" height=\"169\"  alt=\"\"\/>\n                          \n                                  <div class=\"group inner list-groupupdate-item-heading\"><a href=\"https:\/\/www.interway.fr\/en\/groupe-interway-acquiert-instore-solution\/\">Groupe Interway acquiert InStore Solution<\/a><\/div>\n                                <div class=\"caption\">\n\n                                    <ul class=\"pmeta\">\n                                        <li class=\"time\"> \n\n                                            <span><i class=\"fa fa-calendar pmetaicon\"><\/i>  06\/03\/2019&nbsp;&nbsp;<\/span>\n                                            <span><i class=\"fa fa-user pmetaicon\"><\/i> interway&nbsp;&nbsp;<\/span>\n                                            <span><i class=\"fa fa-comment pmetaicon\"><\/i>&nbsp; 0<\/span>\n                                        <\/li>\n                                    <\/ul>\n                                    <p class=\"group inner list-groupupdate-item-text\" >\n                                        LE GROUPE INTERWAY poursuit sa strat\u00e9gie de d\u00e9veloppement en signant l\u2019acquisition de IN STORE SOLUTION Apr\u00e8s le rachat de S.I.S. ...                                    <\/p>\n\n\n                               <\/div>\n                                <div class=\"entry-footer-\" >\n                                                                           <div class=\"colupdate-md-12 colupdate-lg-12 colupdate-xs-12\">\n                                            <a href=\"https:\/\/www.interway.fr\/en\/groupe-interway-acquiert-instore-solution\/\" class=\"rmore\">\n                                                En savoir plus&nbsp;<i class=\"fa fa-angle-double-right\"><\/i><\/a>\n                                        <\/div>\n                                                                   <\/div>\n\n                          <\/div>\n\n                              \n                              <div class=\"item___ psc_grid69f2505373017\">\n                                  <img loading=\"lazy\" decoding=\"async\" class=\"group list-group-image\" src=\"https:\/\/www.interway.fr\/wp-content\/uploads\/psc_post_slider_carousel\/675_Image-actu-Interway-FAQ-Techno_218_388.jpg\" width=\"300\" height=\"169\"  alt=\"\"\/>\n                          \n                                  <div class=\"group inner list-groupupdate-item-heading\"><a href=\"https:\/\/www.interway.fr\/en\/videos-interway-faq-techno\/\">Vid\u00e9os [Interway FAQ Techno]<\/a><\/div>\n                                <div class=\"caption\">\n\n                                    <ul class=\"pmeta\">\n                                        <li class=\"time\"> \n\n                                            <span><i class=\"fa fa-calendar pmetaicon\"><\/i>  21\/02\/2019&nbsp;&nbsp;<\/span>\n                                            <span><i class=\"fa fa-user pmetaicon\"><\/i> interway&nbsp;&nbsp;<\/span>\n                                            <span><i class=\"fa fa-comment pmetaicon\"><\/i>&nbsp; 0<\/span>\n                                        <\/li>\n                                    <\/ul>\n                                    <p class=\"group inner list-groupupdate-item-text\" >\n                                        VID\u00c9OS  Interway vous propose une s\u00e9rie de vid\u00e9os pour r\u00e9pondre \u00e0 des probl\u00e9matiques techniques. Pourquoi du WiFi ...                                    <\/p>\n\n\n                               <\/div>\n                                <div class=\"entry-footer-\" >\n                                                                           <div class=\"colupdate-md-12 colupdate-lg-12 colupdate-xs-12\">\n                                            <a href=\"https:\/\/www.interway.fr\/en\/videos-interway-faq-techno\/\" class=\"rmore\">\n                                                En savoir plus&nbsp;<i class=\"fa fa-angle-double-right\"><\/i><\/a>\n                                        <\/div>\n                                                                   <\/div>\n\n                          <\/div>\n\n                              \n                              <div class=\"item___ psc_grid69f2505373017\">\n                                  <img loading=\"lazy\" decoding=\"async\" class=\"group list-group-image\" src=\"https:\/\/www.interway.fr\/wp-content\/uploads\/psc_post_slider_carousel\/791_Image-actu-Interway-Bonne-ann\u00e9e-2019_218_388.jpg\" width=\"300\" height=\"169\"  alt=\"\"\/>\n                          \n                                  <div class=\"group inner list-groupupdate-item-heading\"><a href=\"https:\/\/www.interway.fr\/en\/meilleurs-voeux-2019\/\">Meilleurs v\u0153ux 2019<\/a><\/div>\n                                <div class=\"caption\">\n\n                                    <ul class=\"pmeta\">\n                                        <li class=\"time\"> \n\n                                            <span><i class=\"fa fa-calendar pmetaicon\"><\/i>  09\/01\/2019&nbsp;&nbsp;<\/span>\n                                            <span><i class=\"fa fa-user pmetaicon\"><\/i> interway&nbsp;&nbsp;<\/span>\n                                            <span><i class=\"fa fa-comment pmetaicon\"><\/i>&nbsp; 0<\/span>\n                                        <\/li>\n                                    <\/ul>\n                                    <p class=\"group inner list-groupupdate-item-text\" >\n                                        Meilleurs v\u0153ux 2019 Le Groupe Interway vous souhaite ses meilleurs v\u0153ux pour cette ann\u00e9e 2019...                                    <\/p>\n\n\n                               <\/div>\n                                <div class=\"entry-footer-\" >\n                                                                           <div class=\"colupdate-md-12 colupdate-lg-12 colupdate-xs-12\">\n                                            <a href=\"https:\/\/www.interway.fr\/en\/meilleurs-voeux-2019\/\" class=\"rmore\">\n                                                En savoir plus&nbsp;<i class=\"fa fa-angle-double-right\"><\/i><\/a>\n                                        <\/div>\n                                                                   <\/div>\n\n                          <\/div>\n\n                              \n                              <div class=\"item___ psc_grid69f2505373017\">\n                                  <img loading=\"lazy\" decoding=\"async\" class=\"group list-group-image\" src=\"https:\/\/www.interway.fr\/wp-content\/uploads\/psc_post_slider_carousel\/1510_Image-actu-Interway-Google-Pay-disponible-en-France_218_388.jpg\" width=\"300\" height=\"169\"  alt=\"\"\/>\n                          \n                                  <div class=\"group inner list-groupupdate-item-heading\"><a href=\"https:\/\/www.interway.fr\/en\/google-pay-disponible-en-france\/\">Google Pay disponible en France<\/a><\/div>\n                                <div class=\"caption\">\n\n                                    <ul class=\"pmeta\">\n                                        <li class=\"time\"> \n\n                                            <span><i class=\"fa fa-calendar pmetaicon\"><\/i>  13\/12\/2018&nbsp;&nbsp;<\/span>\n                                            <span><i class=\"fa fa-user pmetaicon\"><\/i> interway&nbsp;&nbsp;<\/span>\n                                            <span><i class=\"fa fa-comment pmetaicon\"><\/i>&nbsp; 0<\/span>\n                                        <\/li>\n                                    <\/ul>\n                                    <p class=\"group inner list-groupupdate-item-text\" >\n                                        Google Pay est enfin disponible en France ! Google propose d\u00e9sormais un service de paiement sans contact via un Smartphone ...                                    <\/p>\n\n\n                               <\/div>\n                                <div class=\"entry-footer-\" >\n                                                                           <div class=\"colupdate-md-12 colupdate-lg-12 colupdate-xs-12\">\n                                            <a href=\"https:\/\/www.interway.fr\/en\/google-pay-disponible-en-france\/\" class=\"rmore\">\n                                                En savoir plus&nbsp;<i class=\"fa fa-angle-double-right\"><\/i><\/a>\n                                        <\/div>\n                                                                   <\/div>\n\n                          <\/div>\n\n                        \n                  \n              \n\t \n\n\t<\/div>\n                     \n<\/div>\n<script type=\"text\/javascript\">\n    \n  function r4(f4){\/in\/.test(document.readyState)?setTimeout(r4,9,f4):f4()}\n  r4(function(){  \n      \n        var $n = jQuery.noConflict();\n \n\t$n(\"#container2\").wrecker({\n\t\t\/\/ options\n\t\titemSelector : \".psc_grid69f2505373017\",\n\t\tmaxColumns : 4,\n\t\tresponsiveColumns : [\n\t\t\t\/\/ windowMaxWidth : columns\n\t\t\t\/\/ windowMaxWidth order and values should match those in your responsive CSS\n\t\t\t{1024 : 3},\n\t\t\t{800  : 2},\n\t\t\t{640  : 1}\n\t\t]\n           }); \n           \n           \n           $n(\"body\").delegate(\"#pagination_psc_grid69f2505373017 a.page-numbers\", \"click\", function(e) {\n                                            \n                $n(\"#psc_grid69f2505373017_overlay_grid\").css(\"width\", $n(\"#max_2\").width());\n                $n(\"#psc_grid69f2505373017_overlay_grid\").css(\"height\", $n(\"#max_2\").height());\n\n                e.preventDefault();\n                var data = {\n                        'action': 'get_pgrid_data',\n                        'page_url': encodeURI($n(this).attr('href')),\n                        'grid_id':2,\n                        'vNonce':'3755289048'\n                };\n                $n.post('https:\/\/www.interway.fr\/wp-admin\/admin-ajax.php', data, function(response) {\n\n\n                $n('html, body').animate({\n                    scrollTop: $n(\"#max_2\").offset().top\n                }, 800);\n                $n(\"#max_2\").replaceWith(response);\n                $n(\"#psc_grid69f2505373017_overlay_grid\").css(\"width\", \"0px\");\n                $n(\"#psc_grid69f2505373017_overlay_grid\").css(\"height\", \"0px\");\n\n\n              });\n        });\n\t\n});\n<\/script>\n         \n    <!-- end psc_print_post_grid_func --><\/div>\n<p><!-- {\"type\":\"layout\",\"children\":[{\"type\":\"section\",\"props\":{\"style\":\"default\",\"width\":\"default\",\"vertical_align\":\"middle\",\"title_position\":\"top-left\",\"title_rotation\":\"left\",\"title_breakpoint\":\"xl\",\"image_position\":\"center-center\",\"text_color\":\"\",\"width_expand\":\"\",\"height\":\"\",\"padding\":\"\",\"header_transparent\":\"\",\"animation\":\"\"},\"children\":[{\"type\":\"row\",\"props\":{\"layout\":\"1-1\",\"breakpoint\":\"m\",\"fixed_width\":\"large\",\"gutter\":\"\",\"width\":\"\",\"width_expand\":\"\",\"height\":\"\",\"margin\":\"\"},\"children\":[{\"type\":\"column\",\"props\":{\"widths\":[\"1-1\"],\"image_position\":\"center-center\",\"media_overlay_gradient\":\"\",\"vertical_align\":\"\",\"style\":\"\",\"text_color\":\"\",\"padding\":\"\"},\"children\":[{\"type\":\"headline\",\"props\":{\"title_element\":\"h1\",\"title_style\":\"\",\"title_decoration\":\"\",\"title_color\":\"\",\"text_align\":\"\",\"text_align_breakpoint\":\"\",\"text_align_fallback\":\"\",\"maxwidth\":\"\",\"maxwidth_align\":\"\",\"maxwidth_breakpoint\":\"\",\"margin\":\"\",\"animation\":\"\",\"visibility\":\"\",\"content\":\"Actualit\\u00e9s\"}}]}]},{\"type\":\"row\",\"props\":{\"layout\":\"1-1\",\"breakpoint\":\"m\",\"fixed_width\":\"large\",\"gutter\":\"\",\"width\":\"\",\"width_expand\":\"\",\"height\":\"\",\"margin\":\"\"},\"children\":[{\"type\":\"column\",\"props\":{\"widths\":[\"1-1\"],\"image_position\":\"center-center\",\"media_overlay_gradient\":\"\",\"vertical_align\":\"\",\"style\":\"\",\"text_color\":\"\",\"padding\":\"\"},\"children\":[{\"type\":\"divider\",\"props\":{\"divider_element\":\"hr\",\"divider_style\":\"\",\"divider_align\":\"\",\"divider_align_breakpoint\":\"\",\"divider_align_fallback\":\"\",\"maxwidth\":\"\",\"maxwidth_align\":\"\",\"maxwidth_breakpoint\":\"\",\"margin\":\"\",\"animation\":\"\",\"visibility\":\"\"}}]}]}]},{\"type\":\"section\",\"props\":{\"style\":\"default\",\"width\":\"default\",\"vertical_align\":\"middle\",\"title_position\":\"top-left\",\"title_rotation\":\"left\",\"title_breakpoint\":\"xl\",\"image_position\":\"center-center\",\"text_color\":\"\",\"width_expand\":\"\",\"height\":\"\",\"padding\":\"\",\"header_transparent\":\"\",\"animation\":\"\"},\"children\":[{\"type\":\"row\",\"props\":{\"layout\":\"1-1\",\"breakpoint\":\"m\",\"fixed_width\":\"large\",\"gutter\":\"\",\"width\":\"\",\"width_expand\":\"\",\"height\":\"\",\"margin\":\"\"},\"children\":[{\"type\":\"column\",\"props\":{\"widths\":[\"1-1\"],\"image_position\":\"center-center\",\"media_overlay_gradient\":\"\",\"vertical_align\":\"\",\"style\":\"\",\"text_color\":\"\",\"padding\":\"\"},\"children\":[{\"type\":\"html\",\"props\":{\"content\":\"[psc_print_post_grid id=\\\"2\\\"]\"}}]}]}]}],\"version\":\"1.19.0\",\"props\":[]} --><\/p>\n","protected":false},"excerpt":{"rendered":"<p>News<\/p>","protected":false},"author":1,"featured_media":0,"parent":0,"menu_order":0,"comment_status":"closed","ping_status":"closed","template":"","meta":{"_monsterinsights_skip_tracking":false,"_monsterinsights_sitenote_active":false,"_monsterinsights_sitenote_note":"","_monsterinsights_sitenote_category":0,"footnotes":""},"class_list":["post-331","page","type-page","status-publish","hentry"],"jetpack_sharing_enabled":true,"_links":{"self":[{"href":"https:\/\/www.interway.fr\/en\/wp-json\/wp\/v2\/pages\/331","targetHints":{"allow":["GET"]}}],"collection":[{"href":"https:\/\/www.interway.fr\/en\/wp-json\/wp\/v2\/pages"}],"about":[{"href":"https:\/\/www.interway.fr\/en\/wp-json\/wp\/v2\/types\/page"}],"author":[{"embeddable":true,"href":"https:\/\/www.interway.fr\/en\/wp-json\/wp\/v2\/users\/1"}],"replies":[{"embeddable":true,"href":"https:\/\/www.interway.fr\/en\/wp-json\/wp\/v2\/comments?post=331"}],"version-history":[{"count":8,"href":"https:\/\/www.interway.fr\/en\/wp-json\/wp\/v2\/pages\/331\/revisions"}],"predecessor-version":[{"id":789,"href":"https:\/\/www.interway.fr\/en\/wp-json\/wp\/v2\/pages\/331\/revisions\/789"}],"wp:attachment":[{"href":"https:\/\/www.interway.fr\/en\/wp-json\/wp\/v2\/media?parent=331"}],"curies":[{"name":"wp","href":"https:\/\/api.w.org\/{rel}","templated":true}]}}